{"id":76467,"date":"2024-12-27T02:43:08","date_gmt":"2024-12-27T01:43:08","guid":{"rendered":"https:\/\/www.atta45.se\/e-butik\/?post_type=product&#038;p=76467"},"modified":"2025-10-27T18:13:13","modified_gmt":"2025-10-27T17:13:13","slug":"schwarzwolf-nunavut-praktisk-kasse","status":"publish","type":"product","link":"https:\/\/www.atta45.se\/e-butik\/produkt\/schwarzwolf-nunavut-praktisk-kasse\/","title":{"rendered":"Kasse praktisk Schwarzwolf Nunavut"},"content":{"rendered":"<p>Praktisk Schwarzwolf dragskop\u00e5se \u00e4r l\u00e4mplig f\u00f6r s\u00e5v\u00e4l vardag som resa. Den \u00e4r gjord av ripstop polyester (420D). Sn\u00f6ret \u00e4r f\u00e4st s\u00e5 att p\u00e5sen kan b\u00e4ras som en ryggs\u00e4ck. Ficka med dragkedja p\u00e5 ena sidan. Ryggs\u00e4cken kan enkelt vikas ihop f\u00f6r minimal storlek och placeras din handv\u00e4ska f\u00f6r senare anv\u00e4ndning.<br \/>Vikt: 105 g<br \/>Volym: 8 L<br \/>Rekommenderad m\u00e4rkning: Screentryck S2<br \/>Maximal tryckstorlek: 150 \u00d7 150 mm<br \/>M\u00e5tt: 33 \u00d7 45 cm<br \/>Insticksficka: 15 \u00d7 18 cm<\/p>\n","protected":false},"excerpt":{"rendered":"<p>Praktisk Schwarzwolf dragskop\u00e5se \u00e4r l\u00e4mplig f\u00f6r s\u00e5v\u00e4l vardag som resa. Den \u00e4r gjord av ripstop polyester (420D). Sn\u00f6ret \u00e4r f\u00e4st s\u00e5 att p\u00e5sen kan b\u00e4ras som en ryggs\u00e4ck. Ficka med dragkedja p\u00e5 ena sidan. Ryggs\u00e4cken kan enkelt vikas ihop f\u00f6r minimal storlek och placeras din handv\u00e4ska f\u00f6r senare anv\u00e4ndning.Vikt: 105 gVolym: 8 LRekommenderad m\u00e4rkning: Screentryck [&hellip;]<\/p>\n","protected":false},"featured_media":76468,"template":"","meta":{"_acf_changed":false,"_seopress_robots_primary_cat":"","_seopress_titles_title":"","_seopress_titles_desc":"","_seopress_robots_index":""},"product_brand":[],"product_cat":[15],"product_tag":[],"class_list":{"0":"post-76467","1":"product","2":"type-product","3":"status-publish","4":"has-post-thumbnail","6":"product_cat-okategoriserad","7":"atta45_taxonomy-kassar-pasar-kassar-sv","8":"atta45_taxonomy-vaskor-resetillbehor-ryggsackar-sv","9":"atta45_taxonomy-tema-inspiration-varumarken-schwarzwolf-sv","11":"first","12":"instock","13":"taxable","14":"shipping-taxable","15":"purchasable","16":"product-type-variable"},"acf":[],"_links":{"self":[{"href":"https:\/\/www.atta45.se\/e-butik\/wp-json\/wp\/v2\/product\/76467","targetHints":{"allow":["GET"]}}],"collection":[{"href":"https:\/\/www.atta45.se\/e-butik\/wp-json\/wp\/v2\/product"}],"about":[{"href":"https:\/\/www.atta45.se\/e-butik\/wp-json\/wp\/v2\/types\/product"}],"wp:featuredmedia":[{"embeddable":true,"href":"https:\/\/www.atta45.se\/e-butik\/wp-json\/wp\/v2\/media\/76468"}],"wp:attachment":[{"href":"https:\/\/www.atta45.se\/e-butik\/wp-json\/wp\/v2\/media?parent=76467"}],"wp:term":[{"taxonomy":"product_brand","embeddable":true,"href":"https:\/\/www.atta45.se\/e-butik\/wp-json\/wp\/v2\/product_brand?post=76467"},{"taxonomy":"product_cat","embeddable":true,"href":"https:\/\/www.atta45.se\/e-butik\/wp-json\/wp\/v2\/product_cat?post=76467"},{"taxonomy":"product_tag","embeddable":true,"href":"https:\/\/www.atta45.se\/e-butik\/wp-json\/wp\/v2\/product_tag?post=76467"}],"curies":[{"name":"wp","href":"https:\/\/api.w.org\/{rel}","templated":true}]}}