{"id":70032,"date":"2024-12-27T00:44:51","date_gmt":"2024-12-26T23:44:51","guid":{"rendered":"https:\/\/www.atta45.se\/e-butik\/?post_type=product&#038;p=70032"},"modified":"2025-10-27T19:11:01","modified_gmt":"2025-10-27T18:11:01","slug":"schwarzwolf-malaren-utomhus-handduk","status":"publish","type":"product","link":"https:\/\/www.atta45.se\/e-butik\/produkt\/schwarzwolf-malaren-utomhus-handduk\/","title":{"rendered":"Handduk, utomhus Schwarzwolf Malaren"},"content":{"rendered":"<p>Schwarzwolf utomhushandduk i en gr\u00e5 f\u00e4rg med orange f\u00e5ll.<\/p>\n<p>Den \u00e4r idealisk f\u00f6r dina sportaktiviteter eller resor, gjord av mikrofiber.<\/p>\n<p>Handduken \u00e4r snabbtorkande, l\u00e4tt och platsbesparande. Dess stora f\u00f6rdel \u00e4r att det g\u00e5r att vika in handduken i allt bagage. Dess mjuka och sl\u00e4ta yta \u00e4r mycket behaglig f\u00f6r din hud.<\/p>\n<p>Den har en mycket praktisk avtagbar h\u00e4ngare med Schwarzwolfs logotyp. Tack vare dess storlek kan du \u00e4ven anv\u00e4nda den som en b\u00e4ddmadrass. Du kan l\u00e4tt skaka ut sand eller gr\u00e4s fr\u00e5n handduken.<\/p>\n<p>F\u00f6rpackad i ett fodral av polyestermech.<\/p>\n<p>Material: 100% polyester.<\/p>\n<p>Rekommenderad tryckteknik: silkscreentryck S3.<\/p>\n<p>Maximal tryckstorlek: 200 \u00d7 100 mm.<\/p>\n<p>M\u00e5tt: 65 \u00d7 140 cm.<\/p>\n<p>Koldioxidavtryck: gCO2 e3880.<\/p>\n","protected":false},"excerpt":{"rendered":"<p>Schwarzwolf utomhushandduk i en gr\u00e5 f\u00e4rg med orange f\u00e5ll. Den \u00e4r idealisk f\u00f6r dina sportaktiviteter eller resor, gjord av mikrofiber. Handduken \u00e4r snabbtorkande, l\u00e4tt och platsbesparande. Dess stora f\u00f6rdel \u00e4r att det g\u00e5r att vika in handduken i allt bagage. Dess mjuka och sl\u00e4ta yta \u00e4r mycket behaglig f\u00f6r din hud. Den har en mycket [&hellip;]<\/p>\n","protected":false},"featured_media":70033,"template":"","meta":{"_acf_changed":false,"_seopress_robots_primary_cat":"","_seopress_titles_title":"","_seopress_titles_desc":"","_seopress_robots_index":""},"product_brand":[],"product_cat":[15],"product_tag":[],"class_list":{"0":"post-70032","1":"product","2":"type-product","3":"status-publish","4":"has-post-thumbnail","6":"product_cat-okategoriserad","7":"atta45_taxonomy-tema-inspiration-varumarken-schwarzwolf-sv","8":"atta45_taxonomy-textil-sport-performance-sv","9":"atta45_taxonomy-fritid-uppblasbart-strandartiklar-sv","11":"first","12":"instock","13":"taxable","14":"shipping-taxable","15":"purchasable","16":"product-type-variable"},"acf":[],"_links":{"self":[{"href":"https:\/\/www.atta45.se\/e-butik\/wp-json\/wp\/v2\/product\/70032","targetHints":{"allow":["GET"]}}],"collection":[{"href":"https:\/\/www.atta45.se\/e-butik\/wp-json\/wp\/v2\/product"}],"about":[{"href":"https:\/\/www.atta45.se\/e-butik\/wp-json\/wp\/v2\/types\/product"}],"wp:featuredmedia":[{"embeddable":true,"href":"https:\/\/www.atta45.se\/e-butik\/wp-json\/wp\/v2\/media\/70033"}],"wp:attachment":[{"href":"https:\/\/www.atta45.se\/e-butik\/wp-json\/wp\/v2\/media?parent=70032"}],"wp:term":[{"taxonomy":"product_brand","embeddable":true,"href":"https:\/\/www.atta45.se\/e-butik\/wp-json\/wp\/v2\/product_brand?post=70032"},{"taxonomy":"product_cat","embeddable":true,"href":"https:\/\/www.atta45.se\/e-butik\/wp-json\/wp\/v2\/product_cat?post=70032"},{"taxonomy":"product_tag","embeddable":true,"href":"https:\/\/www.atta45.se\/e-butik\/wp-json\/wp\/v2\/product_tag?post=70032"}],"curies":[{"name":"wp","href":"https:\/\/api.w.org\/{rel}","templated":true}]}}