{"id":59894,"date":"2024-12-26T22:35:06","date_gmt":"2024-12-26T21:35:06","guid":{"rendered":"https:\/\/www.atta45.se\/e-butik\/?post_type=product&#038;p=59894"},"modified":"2025-10-28T00:54:31","modified_gmt":"2025-10-27T23:54:31","slug":"schwarzwolf-kasai-10l-uppblasbar-vaska","status":"publish","type":"product","link":"https:\/\/www.atta45.se\/e-butik\/produkt\/schwarzwolf-kasai-10l-uppblasbar-vaska\/","title":{"rendered":"V\u00e4ska uppbl\u00e5sbar SCHWARZWOLF KASAI 10L"},"content":{"rendered":"<p>Schwarzwolf KASAI-v\u00e4skan kan vara ett trevligt tillskott till SAJAMA-mattan. Det l\u00e5ter det bl\u00e5sa upp snabbt och enkelt.<\/p>\n<p>Denna v\u00e4ska blir ocks\u00e5 en oers\u00e4ttlig f\u00f6ljeslagare n\u00e4r du campar.<br \/>Du kan anv\u00e4nda den som en vattent\u00e4t v\u00e4ska f\u00f6r att h\u00e5lla dina saker torra vid d\u00e5ligt v\u00e4der eller under vattensporter.<\/p>\n<p>Den kan ocks\u00e5 anv\u00e4ndas som en enkel kudde under huvudet. Ladda bara in dina kl\u00e4der och st\u00e4ng. Om du fyller det med vatten och h\u00e4nger det p\u00e5 ett tr\u00e4d f\u00e5r du en provisorisk dusch.<\/p>\n<p>F\u00f6rpackad i en presentf\u00f6rpackning fr\u00e5n Schwarzwolf. <\/p>\n","protected":false},"excerpt":{"rendered":"<p>Schwarzwolf KASAI-v\u00e4skan kan vara ett trevligt tillskott till SAJAMA-mattan. Det l\u00e5ter det bl\u00e5sa upp snabbt och enkelt. Denna v\u00e4ska blir ocks\u00e5 en oers\u00e4ttlig f\u00f6ljeslagare n\u00e4r du campar.Du kan anv\u00e4nda den som en vattent\u00e4t v\u00e4ska f\u00f6r att h\u00e5lla dina saker torra vid d\u00e5ligt v\u00e4der eller under vattensporter. Den kan ocks\u00e5 anv\u00e4ndas som en enkel kudde under [&hellip;]<\/p>\n","protected":false},"featured_media":59895,"template":"","meta":{"_acf_changed":false,"_seopress_robots_primary_cat":"","_seopress_titles_title":"","_seopress_titles_desc":"","_seopress_robots_index":""},"product_brand":[],"product_cat":[15],"product_tag":[],"class_list":{"0":"post-59894","1":"product","2":"type-product","3":"status-publish","4":"has-post-thumbnail","6":"product_cat-okategoriserad","7":"atta45_taxonomy-fritid-overlevnadsprodukter-sv","8":"atta45_taxonomy-tema-inspiration-varumarken-schwarzwolf-sv","9":"atta45_taxonomy-fritid-uppblasbart-strandartiklar-sv","11":"first","12":"instock","13":"taxable","14":"shipping-taxable","15":"purchasable","16":"product-type-variable"},"acf":[],"_links":{"self":[{"href":"https:\/\/www.atta45.se\/e-butik\/wp-json\/wp\/v2\/product\/59894","targetHints":{"allow":["GET"]}}],"collection":[{"href":"https:\/\/www.atta45.se\/e-butik\/wp-json\/wp\/v2\/product"}],"about":[{"href":"https:\/\/www.atta45.se\/e-butik\/wp-json\/wp\/v2\/types\/product"}],"wp:featuredmedia":[{"embeddable":true,"href":"https:\/\/www.atta45.se\/e-butik\/wp-json\/wp\/v2\/media\/59895"}],"wp:attachment":[{"href":"https:\/\/www.atta45.se\/e-butik\/wp-json\/wp\/v2\/media?parent=59894"}],"wp:term":[{"taxonomy":"product_brand","embeddable":true,"href":"https:\/\/www.atta45.se\/e-butik\/wp-json\/wp\/v2\/product_brand?post=59894"},{"taxonomy":"product_cat","embeddable":true,"href":"https:\/\/www.atta45.se\/e-butik\/wp-json\/wp\/v2\/product_cat?post=59894"},{"taxonomy":"product_tag","embeddable":true,"href":"https:\/\/www.atta45.se\/e-butik\/wp-json\/wp\/v2\/product_tag?post=59894"}],"curies":[{"name":"wp","href":"https:\/\/api.w.org\/{rel}","templated":true}]}}