{"id":57464,"date":"2024-12-26T22:04:00","date_gmt":"2024-12-26T21:04:00","guid":{"rendered":"https:\/\/www.atta45.se\/e-butik\/?post_type=product&#038;p=57464"},"modified":"2025-10-28T02:54:52","modified_gmt":"2025-10-28T01:54:52","slug":"schwarzwolf-mogoton-multifunktionell-halsduk-2-i-1","status":"publish","type":"product","link":"https:\/\/www.atta45.se\/e-butik\/produkt\/schwarzwolf-mogoton-multifunktionell-halsduk-2-i-1\/","title":{"rendered":"Halsduk 2-i-1 Schwarzwolf Mogoton, stickad multifunktionell"},"content":{"rendered":"<p>Stickad multifunktionell Schwarzwolf-halsduk 2-i-1 i svart, quiltad av reflekterande garn.<\/p>\n<p>Halsduken \u00e4r l\u00e4mplig f\u00f6r vinterv\u00e4der, inneh\u00e5ller gummi f\u00f6r f\u00f6rtr\u00e4ngning p\u00e5 halsen, eller s\u00e5 kan du anv\u00e4nda den som m\u00f6ssa.<\/p>\n<p>Dess foder \u00e4r tillverkat av mycket mjukt och behagligt fecematerial.<\/p>\n<p>F\u00f6rpackad i en Schwarzwolf sleeve.<\/p>\n<p>Material: 100 % akryl + reflekterande garn, foder \u2013 100 % polyester.<\/p>\n<p>Rekommenderad tryckteknik: broderi.<\/p>\n<p>Maximal utskriftsstorlek: 10 \u00d7 8 cm.<\/p>\n<p>M\u00e5tt: 25 \u00d7 24 cm.<\/p>\n<p>Koldioxidavtryck: gCO2 e2753<\/p>\n","protected":false},"excerpt":{"rendered":"<p>Stickad multifunktionell Schwarzwolf-halsduk 2-i-1 i svart, quiltad av reflekterande garn. Halsduken \u00e4r l\u00e4mplig f\u00f6r vinterv\u00e4der, inneh\u00e5ller gummi f\u00f6r f\u00f6rtr\u00e4ngning p\u00e5 halsen, eller s\u00e5 kan du anv\u00e4nda den som m\u00f6ssa. Dess foder \u00e4r tillverkat av mycket mjukt och behagligt fecematerial. F\u00f6rpackad i en Schwarzwolf sleeve. Material: 100 % akryl + reflekterande garn, foder \u2013 100 % [&hellip;]<\/p>\n","protected":false},"featured_media":57465,"template":"","meta":{"_acf_changed":false,"_seopress_robots_primary_cat":"","_seopress_titles_title":"","_seopress_titles_desc":"","_seopress_robots_index":""},"product_brand":[],"product_cat":[15],"product_tag":[],"class_list":{"0":"post-57464","1":"product","2":"type-product","3":"status-publish","4":"has-post-thumbnail","6":"product_cat-okategoriserad","7":"atta45_taxonomy-fritid-kepsar-mossor-sv","8":"atta45_taxonomy-textil-mossor-kepsar-accessoarer-sv","9":"atta45_taxonomy-tema-inspiration-varumarken-schwarzwolf-sv","11":"first","12":"instock","13":"taxable","14":"shipping-taxable","15":"purchasable","16":"product-type-variable"},"acf":[],"_links":{"self":[{"href":"https:\/\/www.atta45.se\/e-butik\/wp-json\/wp\/v2\/product\/57464","targetHints":{"allow":["GET"]}}],"collection":[{"href":"https:\/\/www.atta45.se\/e-butik\/wp-json\/wp\/v2\/product"}],"about":[{"href":"https:\/\/www.atta45.se\/e-butik\/wp-json\/wp\/v2\/types\/product"}],"wp:featuredmedia":[{"embeddable":true,"href":"https:\/\/www.atta45.se\/e-butik\/wp-json\/wp\/v2\/media\/57465"}],"wp:attachment":[{"href":"https:\/\/www.atta45.se\/e-butik\/wp-json\/wp\/v2\/media?parent=57464"}],"wp:term":[{"taxonomy":"product_brand","embeddable":true,"href":"https:\/\/www.atta45.se\/e-butik\/wp-json\/wp\/v2\/product_brand?post=57464"},{"taxonomy":"product_cat","embeddable":true,"href":"https:\/\/www.atta45.se\/e-butik\/wp-json\/wp\/v2\/product_cat?post=57464"},{"taxonomy":"product_tag","embeddable":true,"href":"https:\/\/www.atta45.se\/e-butik\/wp-json\/wp\/v2\/product_tag?post=57464"}],"curies":[{"name":"wp","href":"https:\/\/api.w.org\/{rel}","templated":true}]}}