{"id":34120,"date":"2024-12-26T17:32:13","date_gmt":"2024-12-26T16:32:13","guid":{"rendered":"https:\/\/www.atta45.se\/e-butik\/?post_type=product&#038;p=34120"},"modified":"2025-10-27T14:59:16","modified_gmt":"2025-10-27T13:59:16","slug":"lackagefri-termomugg-300-ml-gisela","status":"publish","type":"product","link":"https:\/\/www.atta45.se\/e-butik\/produkt\/lackagefri-termomugg-300-ml-gisela\/","title":{"rendered":"Termomugg L\u00e4ckagefri (300 ml) Gisela"},"content":{"rendered":"<p>Termoskopp i rostfritt st\u00e5l (300 ml), dubbelv\u00e4ggig. Ytterv\u00e4ggen \u00e4r av rostfritt st\u00e5l, innerv\u00e4ggen \u00e4r plast. Det p\u00e5skruvade locket \u00e4r t\u00e4tt och har en dricks\u00f6ppning med lock. B\u00e4garens botten \u00e4r halkskyddad. Vi rekommenderar inte lasergravering p\u00e5 f\u00e4rgen r\u00f6d (08).<\/p>\n","protected":false},"excerpt":{"rendered":"<p>Termoskopp i rostfritt st\u00e5l (300 ml), dubbelv\u00e4ggig. Ytterv\u00e4ggen \u00e4r av rostfritt st\u00e5l, innerv\u00e4ggen \u00e4r plast. Det p\u00e5skruvade locket \u00e4r t\u00e4tt och har en dricks\u00f6ppning med lock. B\u00e4garens botten \u00e4r halkskyddad. Vi rekommenderar inte lasergravering p\u00e5 f\u00e4rgen r\u00f6d (08).<\/p>\n","protected":false},"featured_media":34121,"template":"","meta":{"_acf_changed":false,"_seopress_robots_primary_cat":"","_seopress_titles_title":"","_seopress_titles_desc":"","_seopress_robots_index":""},"product_brand":[],"product_cat":[15],"product_tag":[],"class_list":{"0":"post-34120","1":"product","2":"type-product","3":"status-publish","4":"has-post-thumbnail","6":"product_cat-okategoriserad","7":"atta45_taxonomy-tema-inspiration-speciella-trycktekniker-360-fullfargstryck-sv","8":"atta45_taxonomy-tema-inspiration-speciella-trycktekniker-360-laser-sv","9":"atta45_taxonomy-flaskor-sv","10":"atta45_taxonomy-tema-inspiration-speciella-trycktekniker-mega-laser-sv","11":"atta45_taxonomy-tema-inspiration-speciella-trycktekniker-sv","12":"atta45_taxonomy-hem-hushall-termos-sv","13":"atta45_taxonomy-fritid-termos-sv","14":"atta45_taxonomy-fritid-vattenflaskor-sv","16":"first","17":"instock","18":"taxable","19":"shipping-taxable","20":"purchasable","21":"product-type-variable"},"acf":[],"_links":{"self":[{"href":"https:\/\/www.atta45.se\/e-butik\/wp-json\/wp\/v2\/product\/34120","targetHints":{"allow":["GET"]}}],"collection":[{"href":"https:\/\/www.atta45.se\/e-butik\/wp-json\/wp\/v2\/product"}],"about":[{"href":"https:\/\/www.atta45.se\/e-butik\/wp-json\/wp\/v2\/types\/product"}],"wp:featuredmedia":[{"embeddable":true,"href":"https:\/\/www.atta45.se\/e-butik\/wp-json\/wp\/v2\/media\/34121"}],"wp:attachment":[{"href":"https:\/\/www.atta45.se\/e-butik\/wp-json\/wp\/v2\/media?parent=34120"}],"wp:term":[{"taxonomy":"product_brand","embeddable":true,"href":"https:\/\/www.atta45.se\/e-butik\/wp-json\/wp\/v2\/product_brand?post=34120"},{"taxonomy":"product_cat","embeddable":true,"href":"https:\/\/www.atta45.se\/e-butik\/wp-json\/wp\/v2\/product_cat?post=34120"},{"taxonomy":"product_tag","embeddable":true,"href":"https:\/\/www.atta45.se\/e-butik\/wp-json\/wp\/v2\/product_tag?post=34120"}],"curies":[{"name":"wp","href":"https:\/\/api.w.org\/{rel}","templated":true}]}}