{"id":304181,"date":"2025-04-16T22:19:13","date_gmt":"2025-04-16T20:19:13","guid":{"rendered":"https:\/\/www.atta45.se\/e-butik\/produkt\/brandcharger-sling-ryggsack\/"},"modified":"2025-10-27T20:47:59","modified_gmt":"2025-10-27T19:47:59","slug":"brandcharger-sling-ryggsack","status":"publish","type":"product","link":"https:\/\/www.atta45.se\/e-butik\/produkt\/brandcharger-sling-ryggsack\/","title":{"rendered":"BrandCharger Sling ryggs\u00e4ck"},"content":{"rendered":"<p>Sling-ryggs\u00e4cken \u00e4r tillverkad av \u00e5tervunna PET-flaskor och designad f\u00f6r stads- och utomhus\u00e4ventyr. Trots sin kompakta storlek erbjuder den gott om utrymme f\u00f6r att b\u00e4ra med sig n\u00f6dv\u00e4ndigheter f\u00f6r en dag av utforskande, oavsett om du vandrar eller \u00e4r p\u00e5 en avslappnad promenad. Den ergonomiska silhuetten \u00f6ver kroppen och den andningsbara meshremmen garanterar komfort, med en ficka f\u00f6r din telefon eller vattenflaska. B\u00e4rselen rullar in i sig sj\u00e4lv och blir en packbar kudde. Det vattent\u00e4ta tyget, den st\u00f6ldskyddst\u00e4ckta dragkedjan och de reflekterande detaljerna erbjuder skydd och s\u00e4kerhet n\u00e4r du \u00e4r p\u00e5 spr\u00e5ng, vilket g\u00f6r det till ett m\u00e5ngsidigt och milj\u00f6v\u00e4nligt val.<\/p>\n","protected":false},"excerpt":{"rendered":"<p>Sling-ryggs\u00e4cken \u00e4r tillverkad av \u00e5tervunna PET-flaskor och designad f\u00f6r stads- och utomhus\u00e4ventyr. Trots sin kompakta storlek erbjuder den gott om utrymme f\u00f6r att b\u00e4ra med sig n\u00f6dv\u00e4ndigheter f\u00f6r en dag av utforskande, oavsett om du vandrar eller \u00e4r p\u00e5 en avslappnad promenad. Den ergonomiska silhuetten \u00f6ver kroppen och den andningsbara meshremmen garanterar komfort, med en [&hellip;]<\/p>\n","protected":false},"featured_media":304182,"template":"","meta":{"_acf_changed":false,"_seopress_robots_primary_cat":"","_seopress_titles_title":"","_seopress_titles_desc":"","_seopress_robots_index":""},"product_brand":[],"product_cat":[15],"product_tag":[],"class_list":{"0":"post-304181","1":"product","2":"type-product","3":"status-publish","4":"has-post-thumbnail","6":"product_cat-okategoriserad","7":"atta45_taxonomy-elektronik-kontor-datortillbehor-sv","8":"atta45_taxonomy-textil-kontor-foretag-sv","9":"atta45_taxonomy-vaskor-resetillbehor-laptopvaskor-sv","10":"atta45_taxonomy-tema-inspiration-utvalda-produkter-nyheter-sv","11":"atta45_taxonomy-nyheter-sv","12":"atta45_taxonomy-elektronik-kontor-portfoljer-sv","13":"atta45_taxonomy-vaskor-resetillbehor-ryggsackar-sv","14":"atta45_taxonomy-vaskor-resetillbehor-ryggsackar-axelremsvaskor-sv","15":"atta45_taxonomy-tema-inspiration-varumarken-sv","16":"atta45_taxonomy-textil-vaskor-bagar-sv","17":"atta45_taxonomy-vaskor-resetillbehor-sv","19":"first","20":"instock","21":"taxable","22":"shipping-taxable","23":"purchasable","24":"product-type-variable"},"acf":[],"_links":{"self":[{"href":"https:\/\/www.atta45.se\/e-butik\/wp-json\/wp\/v2\/product\/304181","targetHints":{"allow":["GET"]}}],"collection":[{"href":"https:\/\/www.atta45.se\/e-butik\/wp-json\/wp\/v2\/product"}],"about":[{"href":"https:\/\/www.atta45.se\/e-butik\/wp-json\/wp\/v2\/types\/product"}],"wp:featuredmedia":[{"embeddable":true,"href":"https:\/\/www.atta45.se\/e-butik\/wp-json\/wp\/v2\/media\/304182"}],"wp:attachment":[{"href":"https:\/\/www.atta45.se\/e-butik\/wp-json\/wp\/v2\/media?parent=304181"}],"wp:term":[{"taxonomy":"product_brand","embeddable":true,"href":"https:\/\/www.atta45.se\/e-butik\/wp-json\/wp\/v2\/product_brand?post=304181"},{"taxonomy":"product_cat","embeddable":true,"href":"https:\/\/www.atta45.se\/e-butik\/wp-json\/wp\/v2\/product_cat?post=304181"},{"taxonomy":"product_tag","embeddable":true,"href":"https:\/\/www.atta45.se\/e-butik\/wp-json\/wp\/v2\/product_tag?post=304181"}],"curies":[{"name":"wp","href":"https:\/\/api.w.org\/{rel}","templated":true}]}}