{"id":304170,"date":"2025-04-16T22:18:14","date_gmt":"2025-04-16T20:18:14","guid":{"rendered":"https:\/\/www.atta45.se\/e-butik\/produkt\/brandcharger-nomad-ryggsack\/"},"modified":"2025-10-27T20:47:41","modified_gmt":"2025-10-27T19:47:41","slug":"brandcharger-nomad-ryggsack","status":"publish","type":"product","link":"https:\/\/www.atta45.se\/e-butik\/produkt\/brandcharger-nomad-ryggsack\/","title":{"rendered":"BrandCharger Nomad ryggs\u00e4ck."},"content":{"rendered":"<p>Tillverkad av \u00e5tervunna PET-flaskor och designad f\u00f6r stads\u00e4ventyr, dagsvandringar och resor. \u00d6ppningen ger enkel \u00e5tkomst till huvudfacket och en isotermisk ficka f\u00f6r att h\u00e5lla maten sval eller varm. Med flera fickor f\u00f6r organisation passar det inre fodralet en v\u00e4tskebeh\u00e5llare eller en 15,6-tums b\u00e4rbar dator. Dess andningsbara, st\u00f6td\u00e4mpande vadderade rygg garanterar komfort, medan justerbara sidofickor rymmer vattenflaskor eller paraplyer. Vatten- och fl\u00e4ckavvisande med reflekterande element f\u00f6r trafiks\u00e4kerhet.<\/p>\n","protected":false},"excerpt":{"rendered":"<p>Tillverkad av \u00e5tervunna PET-flaskor och designad f\u00f6r stads\u00e4ventyr, dagsvandringar och resor. \u00d6ppningen ger enkel \u00e5tkomst till huvudfacket och en isotermisk ficka f\u00f6r att h\u00e5lla maten sval eller varm. Med flera fickor f\u00f6r organisation passar det inre fodralet en v\u00e4tskebeh\u00e5llare eller en 15,6-tums b\u00e4rbar dator. Dess andningsbara, st\u00f6td\u00e4mpande vadderade rygg garanterar komfort, medan justerbara sidofickor rymmer [&hellip;]<\/p>\n","protected":false},"featured_media":304171,"template":"","meta":{"_acf_changed":false,"_seopress_robots_primary_cat":"","_seopress_titles_title":"","_seopress_titles_desc":"","_seopress_robots_index":""},"product_brand":[],"product_cat":[15],"product_tag":[],"class_list":{"0":"post-304170","1":"product","2":"type-product","3":"status-publish","4":"has-post-thumbnail","6":"product_cat-okategoriserad","7":"atta45_taxonomy-tema-inspiration-utvalda-produkter-nyheter-sv","8":"atta45_taxonomy-nyheter-sv","9":"atta45_taxonomy-tema-inspiration-varumarken-sv","11":"first","12":"instock","13":"taxable","14":"shipping-taxable","15":"purchasable","16":"product-type-variable"},"acf":[],"_links":{"self":[{"href":"https:\/\/www.atta45.se\/e-butik\/wp-json\/wp\/v2\/product\/304170","targetHints":{"allow":["GET"]}}],"collection":[{"href":"https:\/\/www.atta45.se\/e-butik\/wp-json\/wp\/v2\/product"}],"about":[{"href":"https:\/\/www.atta45.se\/e-butik\/wp-json\/wp\/v2\/types\/product"}],"wp:featuredmedia":[{"embeddable":true,"href":"https:\/\/www.atta45.se\/e-butik\/wp-json\/wp\/v2\/media\/304171"}],"wp:attachment":[{"href":"https:\/\/www.atta45.se\/e-butik\/wp-json\/wp\/v2\/media?parent=304170"}],"wp:term":[{"taxonomy":"product_brand","embeddable":true,"href":"https:\/\/www.atta45.se\/e-butik\/wp-json\/wp\/v2\/product_brand?post=304170"},{"taxonomy":"product_cat","embeddable":true,"href":"https:\/\/www.atta45.se\/e-butik\/wp-json\/wp\/v2\/product_cat?post=304170"},{"taxonomy":"product_tag","embeddable":true,"href":"https:\/\/www.atta45.se\/e-butik\/wp-json\/wp\/v2\/product_tag?post=304170"}],"curies":[{"name":"wp","href":"https:\/\/api.w.org\/{rel}","templated":true}]}}