{"id":304106,"date":"2025-04-16T22:10:16","date_gmt":"2025-04-16T20:10:16","guid":{"rendered":"https:\/\/www.atta45.se\/e-butik\/produkt\/brandcharger-tech-portfolio\/"},"modified":"2025-10-27T20:45:44","modified_gmt":"2025-10-27T19:45:44","slug":"brandcharger-tech-portfolio","status":"publish","type":"product","link":"https:\/\/www.atta45.se\/e-butik\/produkt\/brandcharger-tech-portfolio\/","title":{"rendered":"BrandCharger Tech portfolio"},"content":{"rendered":"<p>Folio-portf\u00f6ljen \u00e4r den perfekta f\u00f6ljeslagaren f\u00f6r att h\u00e5lla ordning p\u00e5 dina digitala enheter och vardagliga tekniska prylar, samtidigt som du f\u00e5r plats med resetillbeh\u00f6r. Den kompakta designen \u00e4r tillverkad av f\u00f6rstklassig vatten- och fl\u00e4ckavvisande 600D-polyester och g\u00f6r den l\u00e4tt att stoppa ner i handv\u00e4skan, ryggs\u00e4cken eller resv\u00e4skan. Den praktiska layouten inkluderar 6 elastiska \u00f6glor f\u00f6r kablar och verktyg, 3 n\u00e4tfickor f\u00f6r sm\u00e5 f\u00f6rem\u00e5l som USB- eller SD-kort och 2 \u00f6ppna fickor f\u00f6r laddare eller str\u00f6madaptrar, vilket ger stor flexibilitet och justerbar inv\u00e4ndig f\u00f6rvaring.<\/p>\n","protected":false},"excerpt":{"rendered":"<p>Folio-portf\u00f6ljen \u00e4r den perfekta f\u00f6ljeslagaren f\u00f6r att h\u00e5lla ordning p\u00e5 dina digitala enheter och vardagliga tekniska prylar, samtidigt som du f\u00e5r plats med resetillbeh\u00f6r. Den kompakta designen \u00e4r tillverkad av f\u00f6rstklassig vatten- och fl\u00e4ckavvisande 600D-polyester och g\u00f6r den l\u00e4tt att stoppa ner i handv\u00e4skan, ryggs\u00e4cken eller resv\u00e4skan. Den praktiska layouten inkluderar 6 elastiska \u00f6glor f\u00f6r [&hellip;]<\/p>\n","protected":false},"featured_media":304107,"template":"","meta":{"_acf_changed":false,"_seopress_robots_primary_cat":"","_seopress_titles_title":"","_seopress_titles_desc":"","_seopress_robots_index":""},"product_brand":[],"product_cat":[15],"product_tag":[],"class_list":{"0":"post-304106","1":"product","2":"type-product","3":"status-publish","4":"has-post-thumbnail","6":"product_cat-okategoriserad","7":"atta45_taxonomy-kassar-pasar-kassar-sv","8":"atta45_taxonomy-tema-inspiration-utvalda-produkter-nyheter-sv","9":"atta45_taxonomy-nyheter-sv","10":"atta45_taxonomy-vaskor-resetillbehor-researtiklar-sv","11":"atta45_taxonomy-textil-sport-performance-sv","12":"atta45_taxonomy-fritid-sportartiklar-sv","13":"atta45_taxonomy-vaskor-resetillbehor-sport-resvaskor-sv","14":"atta45_taxonomy-tema-inspiration-varumarken-sv","15":"atta45_taxonomy-reflexer-verktyg-sakerhet-vaskor-sv","16":"atta45_taxonomy-textil-vaskor-bagar-sv","17":"atta45_taxonomy-vaskor-resetillbehor-sv","19":"first","20":"instock","21":"taxable","22":"shipping-taxable","23":"purchasable","24":"product-type-variable"},"acf":[],"_links":{"self":[{"href":"https:\/\/www.atta45.se\/e-butik\/wp-json\/wp\/v2\/product\/304106","targetHints":{"allow":["GET"]}}],"collection":[{"href":"https:\/\/www.atta45.se\/e-butik\/wp-json\/wp\/v2\/product"}],"about":[{"href":"https:\/\/www.atta45.se\/e-butik\/wp-json\/wp\/v2\/types\/product"}],"wp:featuredmedia":[{"embeddable":true,"href":"https:\/\/www.atta45.se\/e-butik\/wp-json\/wp\/v2\/media\/304107"}],"wp:attachment":[{"href":"https:\/\/www.atta45.se\/e-butik\/wp-json\/wp\/v2\/media?parent=304106"}],"wp:term":[{"taxonomy":"product_brand","embeddable":true,"href":"https:\/\/www.atta45.se\/e-butik\/wp-json\/wp\/v2\/product_brand?post=304106"},{"taxonomy":"product_cat","embeddable":true,"href":"https:\/\/www.atta45.se\/e-butik\/wp-json\/wp\/v2\/product_cat?post=304106"},{"taxonomy":"product_tag","embeddable":true,"href":"https:\/\/www.atta45.se\/e-butik\/wp-json\/wp\/v2\/product_tag?post=304106"}],"curies":[{"name":"wp","href":"https:\/\/api.w.org\/{rel}","templated":true}]}}