{"id":304073,"date":"2025-04-16T22:05:17","date_gmt":"2025-04-16T20:05:17","guid":{"rendered":"https:\/\/www.atta45.se\/e-butik\/produkt\/brandcharger-phantom-mini-ryggsack\/"},"modified":"2025-10-27T20:44:53","modified_gmt":"2025-10-27T19:44:53","slug":"brandcharger-phantom-mini-ryggsack","status":"publish","type":"product","link":"https:\/\/www.atta45.se\/e-butik\/produkt\/brandcharger-phantom-mini-ryggsack\/","title":{"rendered":"BrandCharger Phantom Mini ryggs\u00e4ck"},"content":{"rendered":"<p>The Phantom Mini-ryggs\u00e4ck, tillverkad av \u00e5tervunna PET-flaskor, \u00e4r konstruerad f\u00f6r att f\u00f6rb\u00e4ttra bekv\u00e4mligheten med dina dagliga pendlingar och resor. Dess kompakta design g\u00f6r den till en idealisk, snygg accessoar. Med diskreta reflekterande accenter garanterar den b\u00e5de din s\u00e4kerhet och s\u00e4kerheten f\u00f6r dina \u00e4godelar. Inuti hittar du en vadderade sektion som \u00e4r skr\u00e4ddarsydd f\u00f6r en 16-tums b\u00e4rbar dator, tillsammans med praktiska fack f\u00f6r att organisera dina v\u00e4sentligheter.<\/p>\n","protected":false},"excerpt":{"rendered":"<p>The Phantom Mini-ryggs\u00e4ck, tillverkad av \u00e5tervunna PET-flaskor, \u00e4r konstruerad f\u00f6r att f\u00f6rb\u00e4ttra bekv\u00e4mligheten med dina dagliga pendlingar och resor. Dess kompakta design g\u00f6r den till en idealisk, snygg accessoar. Med diskreta reflekterande accenter garanterar den b\u00e5de din s\u00e4kerhet och s\u00e4kerheten f\u00f6r dina \u00e4godelar. Inuti hittar du en vadderade sektion som \u00e4r skr\u00e4ddarsydd f\u00f6r en 16-tums [&hellip;]<\/p>\n","protected":false},"featured_media":304074,"template":"","meta":{"_acf_changed":false,"_seopress_robots_primary_cat":"","_seopress_titles_title":"","_seopress_titles_desc":"","_seopress_robots_index":""},"product_brand":[],"product_cat":[15],"product_tag":[],"class_list":{"0":"post-304073","1":"product","2":"type-product","3":"status-publish","4":"has-post-thumbnail","6":"product_cat-okategoriserad","7":"atta45_taxonomy-elektronik-kontor-datortillbehor-sv","8":"atta45_taxonomy-textil-kontor-foretag-sv","9":"atta45_taxonomy-vaskor-resetillbehor-laptopvaskor-sv","10":"atta45_taxonomy-nyheter-sv","11":"atta45_taxonomy-tema-inspiration-utvalda-produkter-nyheter-sv","12":"atta45_taxonomy-elektronik-kontor-portfoljer-sv","13":"atta45_taxonomy-vaskor-resetillbehor-ryggsackar-sv","14":"atta45_taxonomy-vaskor-resetillbehor-ryggsackar-axelremsvaskor-sv","15":"atta45_taxonomy-tema-inspiration-varumarken-sv","16":"atta45_taxonomy-textil-vaskor-bagar-sv","17":"atta45_taxonomy-vaskor-resetillbehor-sv","19":"first","20":"instock","21":"taxable","22":"shipping-taxable","23":"purchasable","24":"product-type-variable"},"acf":[],"_links":{"self":[{"href":"https:\/\/www.atta45.se\/e-butik\/wp-json\/wp\/v2\/product\/304073","targetHints":{"allow":["GET"]}}],"collection":[{"href":"https:\/\/www.atta45.se\/e-butik\/wp-json\/wp\/v2\/product"}],"about":[{"href":"https:\/\/www.atta45.se\/e-butik\/wp-json\/wp\/v2\/types\/product"}],"wp:featuredmedia":[{"embeddable":true,"href":"https:\/\/www.atta45.se\/e-butik\/wp-json\/wp\/v2\/media\/304074"}],"wp:attachment":[{"href":"https:\/\/www.atta45.se\/e-butik\/wp-json\/wp\/v2\/media?parent=304073"}],"wp:term":[{"taxonomy":"product_brand","embeddable":true,"href":"https:\/\/www.atta45.se\/e-butik\/wp-json\/wp\/v2\/product_brand?post=304073"},{"taxonomy":"product_cat","embeddable":true,"href":"https:\/\/www.atta45.se\/e-butik\/wp-json\/wp\/v2\/product_cat?post=304073"},{"taxonomy":"product_tag","embeddable":true,"href":"https:\/\/www.atta45.se\/e-butik\/wp-json\/wp\/v2\/product_tag?post=304073"}],"curies":[{"name":"wp","href":"https:\/\/api.w.org\/{rel}","templated":true}]}}