{"id":303818,"date":"2025-04-16T20:38:16","date_gmt":"2025-04-16T18:38:16","guid":{"rendered":"https:\/\/www.atta45.se\/e-butik\/produkt\/ryggsack-i-rpet-polyester-300d-malcolm\/"},"modified":"2025-10-27T20:39:45","modified_gmt":"2025-10-27T19:39:45","slug":"ryggsack-i-rpet-polyester-300d-malcolm","status":"publish","type":"product","link":"https:\/\/www.atta45.se\/e-butik\/produkt\/ryggsack-i-rpet-polyester-300d-malcolm\/","title":{"rendered":"Ryggs\u00e4ck i rPET polyester (300D) Malcolm"},"content":{"rendered":"<p>rPET polyester (300D) ryggs\u00e4ck och laptopv\u00e4ska (17 tum) med 210D foder inuti. Hytts\u00e4ker. Med b\u00e4r\u00f6gla upptill och p\u00e5 sidorna. Kardborrfack f\u00f6r laptop, st\u00f6ldskyddsficka och tv\u00e5 stora fack med dragkedja. Ventilerad vadderad baksida, vagnrem, st\u00e4ngningssp\u00e4nnen och USB-A-port p\u00e5 sidan. Med sidosp\u00e4nnen f\u00f6r att h\u00e5lla bagaget kompakt. B\u00e4rvikt ca. 12 kg. Inkluderar rPET-etikett.<\/p>\n","protected":false},"excerpt":{"rendered":"<p>rPET polyester (300D) ryggs\u00e4ck och laptopv\u00e4ska (17 tum) med 210D foder inuti. Hytts\u00e4ker. Med b\u00e4r\u00f6gla upptill och p\u00e5 sidorna. Kardborrfack f\u00f6r laptop, st\u00f6ldskyddsficka och tv\u00e5 stora fack med dragkedja. Ventilerad vadderad baksida, vagnrem, st\u00e4ngningssp\u00e4nnen och USB-A-port p\u00e5 sidan. Med sidosp\u00e4nnen f\u00f6r att h\u00e5lla bagaget kompakt. B\u00e4rvikt ca. 12 kg. Inkluderar rPET-etikett.<\/p>\n","protected":false},"featured_media":303819,"template":"","meta":{"_acf_changed":false,"_seopress_robots_primary_cat":"","_seopress_titles_title":"","_seopress_titles_desc":"","_seopress_robots_index":""},"product_brand":[],"product_cat":[15],"product_tag":[],"class_list":{"0":"post-303818","1":"product","2":"type-product","3":"status-publish","4":"has-post-thumbnail","6":"product_cat-okategoriserad","7":"atta45_taxonomy-elektronik-kontor-datortillbehor-sv","8":"atta45_taxonomy-tema-inspiration-grona-intryck-eco-basic-sv","9":"atta45_taxonomy-tema-inspiration-grona-intryck-eko-vaskor-sv","10":"atta45_taxonomy-tema-inspiration-grona-intryck-sv","11":"atta45_taxonomy-kassar-pasar-kassar-sv","12":"atta45_taxonomy-textil-kontor-foretag-sv","13":"atta45_taxonomy-tema-inspiration-ogonblick-kontorsliv-sv","14":"atta45_taxonomy-vaskor-resetillbehor-laptopvaskor-sv","15":"atta45_taxonomy-textil-organiskt-sv","16":"atta45_taxonomy-elektronik-kontor-portfoljer-sv","17":"atta45_taxonomy-vaskor-resetillbehor-ryggsackar-sv","18":"atta45_taxonomy-vaskor-resetillbehor-ryggsackar-axelremsvaskor-sv","19":"atta45_taxonomy-tema-inspiration-sv","20":"atta45_taxonomy-textil-vaskor-bagar-sv","21":"atta45_taxonomy-vaskor-resetillbehor-sv","23":"first","24":"instock","25":"taxable","26":"shipping-taxable","27":"purchasable","28":"product-type-variable"},"acf":[],"_links":{"self":[{"href":"https:\/\/www.atta45.se\/e-butik\/wp-json\/wp\/v2\/product\/303818","targetHints":{"allow":["GET"]}}],"collection":[{"href":"https:\/\/www.atta45.se\/e-butik\/wp-json\/wp\/v2\/product"}],"about":[{"href":"https:\/\/www.atta45.se\/e-butik\/wp-json\/wp\/v2\/types\/product"}],"wp:featuredmedia":[{"embeddable":true,"href":"https:\/\/www.atta45.se\/e-butik\/wp-json\/wp\/v2\/media\/303819"}],"wp:attachment":[{"href":"https:\/\/www.atta45.se\/e-butik\/wp-json\/wp\/v2\/media?parent=303818"}],"wp:term":[{"taxonomy":"product_brand","embeddable":true,"href":"https:\/\/www.atta45.se\/e-butik\/wp-json\/wp\/v2\/product_brand?post=303818"},{"taxonomy":"product_cat","embeddable":true,"href":"https:\/\/www.atta45.se\/e-butik\/wp-json\/wp\/v2\/product_cat?post=303818"},{"taxonomy":"product_tag","embeddable":true,"href":"https:\/\/www.atta45.se\/e-butik\/wp-json\/wp\/v2\/product_tag?post=303818"}],"curies":[{"name":"wp","href":"https:\/\/api.w.org\/{rel}","templated":true}]}}