{"id":303792,"date":"2025-04-16T20:36:13","date_gmt":"2025-04-16T18:36:13","guid":{"rendered":"https:\/\/www.atta45.se\/e-butik\/produkt\/ryggsack-i-rpet-polyester-300d-mallory\/"},"modified":"2025-10-27T20:39:28","modified_gmt":"2025-10-27T19:39:28","slug":"ryggsack-i-rpet-polyester-300d-mallory","status":"publish","type":"product","link":"https:\/\/www.atta45.se\/e-butik\/produkt\/ryggsack-i-rpet-polyester-300d-mallory\/","title":{"rendered":"Ryggs\u00e4ck i rPET polyester (300D) Mallory"},"content":{"rendered":"<p>rPET polyester (300D) ryggs\u00e4ck och laptopv\u00e4ska (15 tum) med 210D foder inuti. Hytts\u00e4ker. Med b\u00e4r\u00f6gla p\u00e5 toppen, justerbara axelband och tv\u00e5 b\u00e4rhandtag p\u00e5 sidan. Justerbara remmar stoppas in bakom stoppningen f\u00f6r en b\u00e4rfunktion med sidohandtag. Kardborrfack f\u00f6r laptop och litet fack med dragkedja. Med ventilerad vadderad baksida. B\u00e4rvikt ca. 8 kg. Inkluderar rPET-etikett.<\/p>\n","protected":false},"excerpt":{"rendered":"<p>rPET polyester (300D) ryggs\u00e4ck och laptopv\u00e4ska (15 tum) med 210D foder inuti. Hytts\u00e4ker. Med b\u00e4r\u00f6gla p\u00e5 toppen, justerbara axelband och tv\u00e5 b\u00e4rhandtag p\u00e5 sidan. Justerbara remmar stoppas in bakom stoppningen f\u00f6r en b\u00e4rfunktion med sidohandtag. Kardborrfack f\u00f6r laptop och litet fack med dragkedja. Med ventilerad vadderad baksida. B\u00e4rvikt ca. 8 kg. Inkluderar rPET-etikett.<\/p>\n","protected":false},"featured_media":303793,"template":"","meta":{"_acf_changed":false,"_seopress_robots_primary_cat":"","_seopress_titles_title":"","_seopress_titles_desc":"","_seopress_robots_index":""},"product_brand":[],"product_cat":[15],"product_tag":[],"class_list":{"0":"post-303792","1":"product","2":"type-product","3":"status-publish","4":"has-post-thumbnail","6":"product_cat-okategoriserad","7":"atta45_taxonomy-elektronik-kontor-datortillbehor-sv","8":"atta45_taxonomy-tema-inspiration-grona-intryck-eco-basic-sv","9":"atta45_taxonomy-tema-inspiration-grona-intryck-eko-vaskor-sv","10":"atta45_taxonomy-tema-inspiration-grona-intryck-sv","11":"atta45_taxonomy-kassar-pasar-kassar-sv","12":"atta45_taxonomy-textil-kontor-foretag-sv","13":"atta45_taxonomy-tema-inspiration-ogonblick-kontorsliv-sv","14":"atta45_taxonomy-vaskor-resetillbehor-laptopvaskor-sv","15":"atta45_taxonomy-textil-organiskt-sv","16":"atta45_taxonomy-elektronik-kontor-portfoljer-sv","17":"atta45_taxonomy-vaskor-resetillbehor-portfoljer-sv","18":"atta45_taxonomy-vaskor-resetillbehor-ryggsackar-sv","19":"atta45_taxonomy-vaskor-resetillbehor-ryggsackar-axelremsvaskor-sv","20":"atta45_taxonomy-tema-inspiration-sv","21":"atta45_taxonomy-textil-vaskor-bagar-sv","22":"atta45_taxonomy-vaskor-resetillbehor-sv","24":"first","25":"instock","26":"taxable","27":"shipping-taxable","28":"purchasable","29":"product-type-variable"},"acf":[],"_links":{"self":[{"href":"https:\/\/www.atta45.se\/e-butik\/wp-json\/wp\/v2\/product\/303792","targetHints":{"allow":["GET"]}}],"collection":[{"href":"https:\/\/www.atta45.se\/e-butik\/wp-json\/wp\/v2\/product"}],"about":[{"href":"https:\/\/www.atta45.se\/e-butik\/wp-json\/wp\/v2\/types\/product"}],"wp:featuredmedia":[{"embeddable":true,"href":"https:\/\/www.atta45.se\/e-butik\/wp-json\/wp\/v2\/media\/303793"}],"wp:attachment":[{"href":"https:\/\/www.atta45.se\/e-butik\/wp-json\/wp\/v2\/media?parent=303792"}],"wp:term":[{"taxonomy":"product_brand","embeddable":true,"href":"https:\/\/www.atta45.se\/e-butik\/wp-json\/wp\/v2\/product_brand?post=303792"},{"taxonomy":"product_cat","embeddable":true,"href":"https:\/\/www.atta45.se\/e-butik\/wp-json\/wp\/v2\/product_cat?post=303792"},{"taxonomy":"product_tag","embeddable":true,"href":"https:\/\/www.atta45.se\/e-butik\/wp-json\/wp\/v2\/product_tag?post=303792"}],"curies":[{"name":"wp","href":"https:\/\/api.w.org\/{rel}","templated":true}]}}