{"id":21527,"date":"2024-12-26T15:14:42","date_gmt":"2024-12-26T14:14:42","guid":{"rendered":"https:\/\/www.atta45.se\/e-butik\/?post_type=product&#038;p=21527"},"modified":"2025-10-28T00:56:11","modified_gmt":"2025-10-27T23:56:11","slug":"schwarzwolf-mobila-midjevaska","status":"publish","type":"product","link":"https:\/\/www.atta45.se\/e-butik\/produkt\/schwarzwolf-mobila-midjevaska\/","title":{"rendered":"Midjev\u00e4ska SCHWARZWOLF MOBILA, vikbar"},"content":{"rendered":"<p>Ha alltid dina viktiga saker till hands tack vare Schwarzwolf hopvikbara b\u00e4ltesv\u00e4ska.<\/p>\n<p>F\u00e4ll sig in i sig sj\u00e4lv, den \u00e4r liten och kompakt och passar alltid i ditt bagage. Det \u00e4r s\u00e4rskilt anv\u00e4ndbart om du inte vill ta en stor ryggs\u00e4ck p\u00e5 en resa.<\/p>\n<p>Layouten erbjuder sedan tre zippade lagringsutrymmen. En huvudficka, en innerficka och en ytterficka.<br \/>Den har ocks\u00e5 en inre slinga med en karbinhake f\u00f6r nycklar.<\/p>\n<p>Den \u00e4r gjord av ett behagligt mjukt men \u00e4nd\u00e5 fast material. Det \u00e4r i\u00f6gonfallande under kl\u00e4der och lockar inte tjuvar. Tack vare det justerbara b\u00e4ltet kan du b\u00e4ra det runt midjan och \u00f6ver axeln.<\/p>\n<p>F\u00f6rvaringsv\u00e4ska: 22 \u00d7 12 cm<br \/>Max midjem\u00e5tt: 116 cm<\/p>\n","protected":false},"excerpt":{"rendered":"<p>Ha alltid dina viktiga saker till hands tack vare Schwarzwolf hopvikbara b\u00e4ltesv\u00e4ska. F\u00e4ll sig in i sig sj\u00e4lv, den \u00e4r liten och kompakt och passar alltid i ditt bagage. Det \u00e4r s\u00e4rskilt anv\u00e4ndbart om du inte vill ta en stor ryggs\u00e4ck p\u00e5 en resa. Layouten erbjuder sedan tre zippade lagringsutrymmen. En huvudficka, en innerficka och [&hellip;]<\/p>\n","protected":false},"featured_media":21528,"template":"","meta":{"_acf_changed":false,"_seopress_robots_primary_cat":"","_seopress_titles_title":"","_seopress_titles_desc":"","_seopress_robots_index":""},"product_brand":[],"product_cat":[15],"product_tag":[],"class_list":{"0":"post-21527","1":"product","2":"type-product","3":"status-publish","4":"has-post-thumbnail","6":"product_cat-okategoriserad","7":"atta45_taxonomy-elektronik-kontor-datortillbehor-sv","8":"atta45_taxonomy-elektronik-kontor-kontorsartiklar-sv","9":"atta45_taxonomy-tema-inspiration-varumarken-schwarzwolf-sv","10":"atta45_taxonomy-textil-vaskor-bagar-sv","12":"first","13":"instock","14":"taxable","15":"shipping-taxable","16":"purchasable","17":"product-type-variable"},"acf":[],"_links":{"self":[{"href":"https:\/\/www.atta45.se\/e-butik\/wp-json\/wp\/v2\/product\/21527","targetHints":{"allow":["GET"]}}],"collection":[{"href":"https:\/\/www.atta45.se\/e-butik\/wp-json\/wp\/v2\/product"}],"about":[{"href":"https:\/\/www.atta45.se\/e-butik\/wp-json\/wp\/v2\/types\/product"}],"wp:featuredmedia":[{"embeddable":true,"href":"https:\/\/www.atta45.se\/e-butik\/wp-json\/wp\/v2\/media\/21528"}],"wp:attachment":[{"href":"https:\/\/www.atta45.se\/e-butik\/wp-json\/wp\/v2\/media?parent=21527"}],"wp:term":[{"taxonomy":"product_brand","embeddable":true,"href":"https:\/\/www.atta45.se\/e-butik\/wp-json\/wp\/v2\/product_brand?post=21527"},{"taxonomy":"product_cat","embeddable":true,"href":"https:\/\/www.atta45.se\/e-butik\/wp-json\/wp\/v2\/product_cat?post=21527"},{"taxonomy":"product_tag","embeddable":true,"href":"https:\/\/www.atta45.se\/e-butik\/wp-json\/wp\/v2\/product_tag?post=21527"}],"curies":[{"name":"wp","href":"https:\/\/api.w.org\/{rel}","templated":true}]}}