{"id":21511,"date":"2024-12-26T15:14:29","date_gmt":"2024-12-26T14:14:29","guid":{"rendered":"https:\/\/www.atta45.se\/e-butik\/?post_type=product&#038;p=21511"},"modified":"2025-10-28T00:54:06","modified_gmt":"2025-10-27T23:54:06","slug":"schwarzwolf-mareb-sakerhetsryggsack","status":"publish","type":"product","link":"https:\/\/www.atta45.se\/e-butik\/produkt\/schwarzwolf-mareb-sakerhetsryggsack\/","title":{"rendered":"s\u00e4kerhetsryggs\u00e4ck SCHWARZWOLF MAREB"},"content":{"rendered":"<p>S\u00e4kerhetsryggs\u00e4ck med st\u00f6ldskydd.<\/p>\n<p>Ing\u00e5ngen till ryggs\u00e4ckens huvudomr\u00e5de vetter mot din egen v\u00e4ska vilket g\u00f6r det sv\u00e5rt f\u00f6r n\u00e5gon annan att komma \u00e5t.<\/p>\n<p>Ryggs\u00e4cken har ocks\u00e5 ett l\u00e5s f\u00f6r att s\u00e4kra blixtl\u00e5s och en dold ficka f\u00f6r ett betalkort eller nycklar.<\/p>\n<p>I den inre delen finns ett vadderat utrymme f\u00f6r en 15-tums b\u00e4rbar dator och en 10-tums surfplatta. Och USB-utg\u00e5ng med<br \/>USB-kabel ing\u00e5r ocks\u00e5.<\/p>\n<p>P\u00e5 baksidan finns ett b\u00e4lte f\u00f6r fasts\u00e4ttning p\u00e5 en resv\u00e4ska.<\/p>\n<p>Den fr\u00e4mre ytan \u00e4r utrustad med ett reflekterande tillbeh\u00f6r.<\/p>\n<p>Ryggs\u00e4ckens volym \u00e4r 20,5 l.<\/p>\n","protected":false},"excerpt":{"rendered":"<p>S\u00e4kerhetsryggs\u00e4ck med st\u00f6ldskydd. Ing\u00e5ngen till ryggs\u00e4ckens huvudomr\u00e5de vetter mot din egen v\u00e4ska vilket g\u00f6r det sv\u00e5rt f\u00f6r n\u00e5gon annan att komma \u00e5t. Ryggs\u00e4cken har ocks\u00e5 ett l\u00e5s f\u00f6r att s\u00e4kra blixtl\u00e5s och en dold ficka f\u00f6r ett betalkort eller nycklar. I den inre delen finns ett vadderat utrymme f\u00f6r en 15-tums b\u00e4rbar dator och en [&hellip;]<\/p>\n","protected":false},"featured_media":21512,"template":"","meta":{"_acf_changed":false,"_seopress_robots_primary_cat":"","_seopress_titles_title":"","_seopress_titles_desc":"","_seopress_robots_index":""},"product_brand":[],"product_cat":[15],"product_tag":[],"class_list":{"0":"post-21511","1":"product","2":"type-product","3":"status-publish","4":"has-post-thumbnail","6":"product_cat-okategoriserad","7":"atta45_taxonomy-elektronik-kontor-datortillbehor-sv","8":"atta45_taxonomy-elektronik-kontor-kontorsartiklar-sv","9":"atta45_taxonomy-tema-inspiration-varumarken-schwarzwolf-sv","10":"atta45_taxonomy-textil-vaskor-bagar-sv","12":"first","13":"instock","14":"taxable","15":"shipping-taxable","16":"purchasable","17":"product-type-variable"},"acf":[],"_links":{"self":[{"href":"https:\/\/www.atta45.se\/e-butik\/wp-json\/wp\/v2\/product\/21511","targetHints":{"allow":["GET"]}}],"collection":[{"href":"https:\/\/www.atta45.se\/e-butik\/wp-json\/wp\/v2\/product"}],"about":[{"href":"https:\/\/www.atta45.se\/e-butik\/wp-json\/wp\/v2\/types\/product"}],"wp:featuredmedia":[{"embeddable":true,"href":"https:\/\/www.atta45.se\/e-butik\/wp-json\/wp\/v2\/media\/21512"}],"wp:attachment":[{"href":"https:\/\/www.atta45.se\/e-butik\/wp-json\/wp\/v2\/media?parent=21511"}],"wp:term":[{"taxonomy":"product_brand","embeddable":true,"href":"https:\/\/www.atta45.se\/e-butik\/wp-json\/wp\/v2\/product_brand?post=21511"},{"taxonomy":"product_cat","embeddable":true,"href":"https:\/\/www.atta45.se\/e-butik\/wp-json\/wp\/v2\/product_cat?post=21511"},{"taxonomy":"product_tag","embeddable":true,"href":"https:\/\/www.atta45.se\/e-butik\/wp-json\/wp\/v2\/product_tag?post=21511"}],"curies":[{"name":"wp","href":"https:\/\/api.w.org\/{rel}","templated":true}]}}