{"id":21497,"date":"2024-12-26T15:14:18","date_gmt":"2024-12-26T14:14:18","guid":{"rendered":"https:\/\/www.atta45.se\/e-butik\/?post_type=product&#038;p=21497"},"modified":"2025-10-28T00:53:52","modified_gmt":"2025-10-27T23:53:52","slug":"schwarzwolf-kander-reseryggsack","status":"publish","type":"product","link":"https:\/\/www.atta45.se\/e-butik\/produkt\/schwarzwolf-kander-reseryggsack\/","title":{"rendered":"Reseryggs\u00e4ck SCHWARZWOLF KANDER"},"content":{"rendered":"<p>Schwarzwolf ryggs\u00e4ck f\u00f6r resor.<br \/>Den har ett utvecklat ryggsystem och vadderade axelremmar f\u00f6r maximal komfort.<br \/>Den har ett stort internt fack med en mindre ficka f\u00f6r b\u00e4rbar dator och kardborreband.<\/p>\n<p>Ryggs\u00e4cken \u00e4r \u00e5tkomlig uppifr\u00e5n med hj\u00e4lp av en dragsko och den \u00e4r ocks\u00e5 \u00e5tkomlig med en dragkedja framtill f\u00f6r att komma till dina saker placerade l\u00e4ngst ner o ryggs\u00e4cken utan att ta bort inneh\u00e5llet.<\/p>\n<p>Ryggs\u00e4cken har m\u00e5nga olika fickor, till exempel en blixtl\u00e5sficka p\u00e5 sidan, en n\u00e4tficka p\u00e5 andra sidan och ett justerbart br\u00f6stband med visselpipa.<br \/>En vattent\u00e4t mantel f\u00f6r ryggs\u00e4cken finns i bottenfickan. <\/p>\n","protected":false},"excerpt":{"rendered":"<p>Schwarzwolf ryggs\u00e4ck f\u00f6r resor.Den har ett utvecklat ryggsystem och vadderade axelremmar f\u00f6r maximal komfort.Den har ett stort internt fack med en mindre ficka f\u00f6r b\u00e4rbar dator och kardborreband. Ryggs\u00e4cken \u00e4r \u00e5tkomlig uppifr\u00e5n med hj\u00e4lp av en dragsko och den \u00e4r ocks\u00e5 \u00e5tkomlig med en dragkedja framtill f\u00f6r att komma till dina saker placerade l\u00e4ngst ner [&hellip;]<\/p>\n","protected":false},"featured_media":21498,"template":"","meta":{"_acf_changed":false,"_seopress_robots_primary_cat":"","_seopress_titles_title":"","_seopress_titles_desc":"","_seopress_robots_index":""},"product_brand":[],"product_cat":[15],"product_tag":[],"class_list":{"0":"post-21497","1":"product","2":"type-product","3":"status-publish","4":"has-post-thumbnail","6":"product_cat-okategoriserad","7":"atta45_taxonomy-elektronik-kontor-datortillbehor-sv","8":"atta45_taxonomy-elektronik-kontor-kontorsartiklar-sv","9":"atta45_taxonomy-tema-inspiration-varumarken-schwarzwolf-sv","10":"atta45_taxonomy-textil-vaskor-bagar-sv","12":"first","13":"instock","14":"taxable","15":"shipping-taxable","16":"purchasable","17":"product-type-variable"},"acf":[],"_links":{"self":[{"href":"https:\/\/www.atta45.se\/e-butik\/wp-json\/wp\/v2\/product\/21497","targetHints":{"allow":["GET"]}}],"collection":[{"href":"https:\/\/www.atta45.se\/e-butik\/wp-json\/wp\/v2\/product"}],"about":[{"href":"https:\/\/www.atta45.se\/e-butik\/wp-json\/wp\/v2\/types\/product"}],"wp:featuredmedia":[{"embeddable":true,"href":"https:\/\/www.atta45.se\/e-butik\/wp-json\/wp\/v2\/media\/21498"}],"wp:attachment":[{"href":"https:\/\/www.atta45.se\/e-butik\/wp-json\/wp\/v2\/media?parent=21497"}],"wp:term":[{"taxonomy":"product_brand","embeddable":true,"href":"https:\/\/www.atta45.se\/e-butik\/wp-json\/wp\/v2\/product_brand?post=21497"},{"taxonomy":"product_cat","embeddable":true,"href":"https:\/\/www.atta45.se\/e-butik\/wp-json\/wp\/v2\/product_cat?post=21497"},{"taxonomy":"product_tag","embeddable":true,"href":"https:\/\/www.atta45.se\/e-butik\/wp-json\/wp\/v2\/product_tag?post=21497"}],"curies":[{"name":"wp","href":"https:\/\/api.w.org\/{rel}","templated":true}]}}