{"id":21475,"date":"2024-12-26T15:14:04","date_gmt":"2024-12-26T14:14:04","guid":{"rendered":"https:\/\/www.atta45.se\/e-butik\/?post_type=product&#038;p=21475"},"modified":"2025-10-28T00:53:39","modified_gmt":"2025-10-27T23:53:39","slug":"schwarzwolf-pirin-latt-ryggsack","status":"publish","type":"product","link":"https:\/\/www.atta45.se\/e-butik\/produkt\/schwarzwolf-pirin-latt-ryggsack\/","title":{"rendered":"Ryggs\u00e4ck l\u00e4tt SCHWARZWOLF PIRIN"},"content":{"rendered":"<p>L\u00e4tt Schwarzwolf ryggs\u00e4ck med vadderad rygg i svart f\u00e4rg med f\u00e4rgat foder .<\/p>\n<p>Den inneh\u00e5ller en stor ficka med dragkedja f\u00f6r b\u00e4rbar dator och kardborreficka inuti.<\/p>\n<p>Ryggs\u00e4cken har tv\u00e5 fickor p\u00e5 framsidan. En av framfickan inneh\u00e5ller tv\u00e5 st\u00f6rre och tv\u00e5 mindre fack, tv\u00e5 fack f\u00f6r pennor och en n\u00e4tficka med blixtl\u00e5s. <\/p>\n","protected":false},"excerpt":{"rendered":"<p>L\u00e4tt Schwarzwolf ryggs\u00e4ck med vadderad rygg i svart f\u00e4rg med f\u00e4rgat foder . Den inneh\u00e5ller en stor ficka med dragkedja f\u00f6r b\u00e4rbar dator och kardborreficka inuti. Ryggs\u00e4cken har tv\u00e5 fickor p\u00e5 framsidan. En av framfickan inneh\u00e5ller tv\u00e5 st\u00f6rre och tv\u00e5 mindre fack, tv\u00e5 fack f\u00f6r pennor och en n\u00e4tficka med blixtl\u00e5s.<\/p>\n","protected":false},"featured_media":21476,"template":"","meta":{"_acf_changed":false,"_seopress_robots_primary_cat":"","_seopress_titles_title":"","_seopress_titles_desc":"","_seopress_robots_index":""},"product_brand":[],"product_cat":[15],"product_tag":[],"class_list":{"0":"post-21475","1":"product","2":"type-product","3":"status-publish","4":"has-post-thumbnail","6":"product_cat-okategoriserad","7":"atta45_taxonomy-elektronik-kontor-datortillbehor-sv","8":"atta45_taxonomy-elektronik-kontor-kontorsartiklar-sv","9":"atta45_taxonomy-tema-inspiration-varumarken-schwarzwolf-sv","10":"atta45_taxonomy-textil-vaskor-bagar-sv","12":"first","13":"instock","14":"taxable","15":"shipping-taxable","16":"purchasable","17":"product-type-variable"},"acf":[],"_links":{"self":[{"href":"https:\/\/www.atta45.se\/e-butik\/wp-json\/wp\/v2\/product\/21475","targetHints":{"allow":["GET"]}}],"collection":[{"href":"https:\/\/www.atta45.se\/e-butik\/wp-json\/wp\/v2\/product"}],"about":[{"href":"https:\/\/www.atta45.se\/e-butik\/wp-json\/wp\/v2\/types\/product"}],"wp:featuredmedia":[{"embeddable":true,"href":"https:\/\/www.atta45.se\/e-butik\/wp-json\/wp\/v2\/media\/21476"}],"wp:attachment":[{"href":"https:\/\/www.atta45.se\/e-butik\/wp-json\/wp\/v2\/media?parent=21475"}],"wp:term":[{"taxonomy":"product_brand","embeddable":true,"href":"https:\/\/www.atta45.se\/e-butik\/wp-json\/wp\/v2\/product_brand?post=21475"},{"taxonomy":"product_cat","embeddable":true,"href":"https:\/\/www.atta45.se\/e-butik\/wp-json\/wp\/v2\/product_cat?post=21475"},{"taxonomy":"product_tag","embeddable":true,"href":"https:\/\/www.atta45.se\/e-butik\/wp-json\/wp\/v2\/product_tag?post=21475"}],"curies":[{"name":"wp","href":"https:\/\/api.w.org\/{rel}","templated":true}]}}