{"id":20169,"date":"2024-12-26T15:01:19","date_gmt":"2024-12-26T14:01:19","guid":{"rendered":"https:\/\/www.atta45.se\/e-butik\/?post_type=product&#038;p=20169"},"modified":"2025-10-27T19:57:34","modified_gmt":"2025-10-27T18:57:34","slug":"skuldervaska-i-polyester-900d-dean","status":"publish","type":"product","link":"https:\/\/www.atta45.se\/e-butik\/produkt\/skuldervaska-i-polyester-900d-dean\/","title":{"rendered":"Skulderv\u00e4ska i Polyester (900D) Dean"},"content":{"rendered":"<p>Skulderv\u00e4ska i Polyester (900D). Tv\u00e5 fickor med kardborreband p\u00e5 framsidan, en stor dragkedjef\u00f6rsedd fack p\u00e5 toppen, och ett fack med dragkedja p\u00e5 baksidan. Flera fack p\u00e5 insidan, inklusive ett laptopfack (15 tum). V\u00e4skan har justerbara axelband och korta handtag f\u00f6r att b\u00e4ras i handen.<\/p>\n","protected":false},"excerpt":{"rendered":"<p>Skulderv\u00e4ska i Polyester (900D). Tv\u00e5 fickor med kardborreband p\u00e5 framsidan, en stor dragkedjef\u00f6rsedd fack p\u00e5 toppen, och ett fack med dragkedja p\u00e5 baksidan. Flera fack p\u00e5 insidan, inklusive ett laptopfack (15 tum). V\u00e4skan har justerbara axelband och korta handtag f\u00f6r att b\u00e4ras i handen.<\/p>\n","protected":false},"featured_media":20170,"template":"","meta":{"_acf_changed":false,"_seopress_robots_primary_cat":"","_seopress_titles_title":"","_seopress_titles_desc":"","_seopress_robots_index":""},"product_brand":[],"product_cat":[15],"product_tag":[],"class_list":{"0":"post-20169","1":"product","2":"type-product","3":"status-publish","4":"has-post-thumbnail","6":"product_cat-okategoriserad","7":"atta45_taxonomy-elektronik-kontor-datortillbehor-sv","8":"atta45_taxonomy-textil-kontor-foretag-sv","9":"atta45_taxonomy-tema-inspiration-ogonblick-kontorsliv-sv","10":"atta45_taxonomy-vaskor-resetillbehor-laptopvaskor-sv","11":"atta45_taxonomy-tema-inspiration-utvalda-produkter-nyheter-sv","12":"atta45_taxonomy-nyheter-sv","13":"atta45_taxonomy-elektronik-kontor-portfoljer-sv","14":"atta45_taxonomy-vaskor-resetillbehor-ryggsackar-sv","15":"atta45_taxonomy-vaskor-resetillbehor-ryggsackar-axelremsvaskor-sv","16":"atta45_taxonomy-tema-inspiration-sv","17":"atta45_taxonomy-textil-vaskor-bagar-sv","18":"atta45_taxonomy-vaskor-resetillbehor-sv","20":"first","21":"instock","22":"taxable","23":"shipping-taxable","24":"purchasable","25":"product-type-variable"},"acf":[],"_links":{"self":[{"href":"https:\/\/www.atta45.se\/e-butik\/wp-json\/wp\/v2\/product\/20169","targetHints":{"allow":["GET"]}}],"collection":[{"href":"https:\/\/www.atta45.se\/e-butik\/wp-json\/wp\/v2\/product"}],"about":[{"href":"https:\/\/www.atta45.se\/e-butik\/wp-json\/wp\/v2\/types\/product"}],"wp:featuredmedia":[{"embeddable":true,"href":"https:\/\/www.atta45.se\/e-butik\/wp-json\/wp\/v2\/media\/20170"}],"wp:attachment":[{"href":"https:\/\/www.atta45.se\/e-butik\/wp-json\/wp\/v2\/media?parent=20169"}],"wp:term":[{"taxonomy":"product_brand","embeddable":true,"href":"https:\/\/www.atta45.se\/e-butik\/wp-json\/wp\/v2\/product_brand?post=20169"},{"taxonomy":"product_cat","embeddable":true,"href":"https:\/\/www.atta45.se\/e-butik\/wp-json\/wp\/v2\/product_cat?post=20169"},{"taxonomy":"product_tag","embeddable":true,"href":"https:\/\/www.atta45.se\/e-butik\/wp-json\/wp\/v2\/product_tag?post=20169"}],"curies":[{"name":"wp","href":"https:\/\/api.w.org\/{rel}","templated":true}]}}