{"id":20011,"date":"2024-12-26T14:59:58","date_gmt":"2024-12-26T13:59:58","guid":{"rendered":"https:\/\/www.atta45.se\/e-butik\/?post_type=product&#038;p=20011"},"modified":"2025-10-27T19:11:14","modified_gmt":"2025-10-27T18:11:14","slug":"schwarzwolf-mafadi-midjevaska","status":"publish","type":"product","link":"https:\/\/www.atta45.se\/e-butik\/produkt\/schwarzwolf-mafadi-midjevaska\/","title":{"rendered":"Midjev\u00e4ska, sport SCHWARZWOLF Mafadi"},"content":{"rendered":"<p>Schwarzwolf sportb\u00e4ltesv\u00e4ska, tack vare vilken du kommer att ha alla dina personliga tillh\u00f6righeter med dig under sporten.<\/p>\n<p>B\u00e4ltesv\u00e4skan inneh\u00e5ller ett stort framficka f\u00f6r en sportflaska, ett litet framficka med dragkedja f\u00f6r kreditkort och ett bakficka med 19 x 10 cm dragkedja f\u00f6r mobiltelefon.<\/p>\n<p>B\u00e4ltesv\u00e4skan kan \u00e4ven b\u00e4ras som en cross-body-v\u00e4ska.<\/p>\n<p>F\u00f6rpackad i en plastp\u00e5se med en h\u00e4nglapp av papper.<\/p>\n<p>Koldioxidavtryck: gCO2e 821<\/p>\n","protected":false},"excerpt":{"rendered":"<p>Schwarzwolf sportb\u00e4ltesv\u00e4ska, tack vare vilken du kommer att ha alla dina personliga tillh\u00f6righeter med dig under sporten. B\u00e4ltesv\u00e4skan inneh\u00e5ller ett stort framficka f\u00f6r en sportflaska, ett litet framficka med dragkedja f\u00f6r kreditkort och ett bakficka med 19 x 10 cm dragkedja f\u00f6r mobiltelefon. B\u00e4ltesv\u00e4skan kan \u00e4ven b\u00e4ras som en cross-body-v\u00e4ska. F\u00f6rpackad i en plastp\u00e5se med [&hellip;]<\/p>\n","protected":false},"featured_media":20012,"template":"","meta":{"_acf_changed":false,"_seopress_robots_primary_cat":"","_seopress_titles_title":"","_seopress_titles_desc":"","_seopress_robots_index":""},"product_brand":[],"product_cat":[15],"product_tag":[],"class_list":{"0":"post-20011","1":"product","2":"type-product","3":"status-publish","4":"has-post-thumbnail","6":"product_cat-okategoriserad","7":"atta45_taxonomy-elektronik-kontor-datortillbehor-sv","8":"atta45_taxonomy-elektronik-kontor-kontorsartiklar-sv","9":"atta45_taxonomy-tema-inspiration-varumarken-schwarzwolf-sv","10":"atta45_taxonomy-textil-vaskor-bagar-sv","12":"first","13":"instock","14":"taxable","15":"shipping-taxable","16":"purchasable","17":"product-type-variable"},"acf":[],"_links":{"self":[{"href":"https:\/\/www.atta45.se\/e-butik\/wp-json\/wp\/v2\/product\/20011","targetHints":{"allow":["GET"]}}],"collection":[{"href":"https:\/\/www.atta45.se\/e-butik\/wp-json\/wp\/v2\/product"}],"about":[{"href":"https:\/\/www.atta45.se\/e-butik\/wp-json\/wp\/v2\/types\/product"}],"wp:featuredmedia":[{"embeddable":true,"href":"https:\/\/www.atta45.se\/e-butik\/wp-json\/wp\/v2\/media\/20012"}],"wp:attachment":[{"href":"https:\/\/www.atta45.se\/e-butik\/wp-json\/wp\/v2\/media?parent=20011"}],"wp:term":[{"taxonomy":"product_brand","embeddable":true,"href":"https:\/\/www.atta45.se\/e-butik\/wp-json\/wp\/v2\/product_brand?post=20011"},{"taxonomy":"product_cat","embeddable":true,"href":"https:\/\/www.atta45.se\/e-butik\/wp-json\/wp\/v2\/product_cat?post=20011"},{"taxonomy":"product_tag","embeddable":true,"href":"https:\/\/www.atta45.se\/e-butik\/wp-json\/wp\/v2\/product_tag?post=20011"}],"curies":[{"name":"wp","href":"https:\/\/api.w.org\/{rel}","templated":true}]}}