{"id":104730,"date":"2024-12-27T15:27:29","date_gmt":"2024-12-27T14:27:29","guid":{"rendered":"https:\/\/www.atta45.se\/e-butik\/produkt\/reflexvast-standard-vuxen\/"},"modified":"2025-10-28T05:21:48","modified_gmt":"2025-10-28T04:21:48","slug":"reflexvast-standard-vuxen","status":"publish","type":"product","link":"https:\/\/www.atta45.se\/e-butik\/produkt\/reflexvast-standard-vuxen\/","title":{"rendered":"Reflexv\u00e4st Standard [Vuxen]"},"content":{"rendered":"<p>S\u00e4kerhetsv\u00e4st med kardborrekn\u00e4ppning med varningsr\u00e4nder.<br \/>Maximal sikt vid d\u00e5liga ljusf\u00f6rh\u00e5llanden.<\/p>\n<p>V\u00e4starna \u00e4r b\u00e5de snygga och bekv\u00e4ma att b\u00e4ra. Perfekt f\u00f6r dig som beh\u00f6ver slitstarka och estetiskt tilltalande plagg med maximal synlighet.<\/p>\n<p>V\u00e4star i storlek S och M \u00e4r certifierade enligt EN ISO 13688:230.<br \/>Storlekar L och st\u00f6rre enligt EN ISO 20471:2013<\/p>\n","protected":false},"excerpt":{"rendered":"<p>S\u00e4kerhetsv\u00e4st med kardborrekn\u00e4ppning med varningsr\u00e4nder.Maximal sikt vid d\u00e5liga ljusf\u00f6rh\u00e5llanden. V\u00e4starna \u00e4r b\u00e5de snygga och bekv\u00e4ma att b\u00e4ra. Perfekt f\u00f6r dig som beh\u00f6ver slitstarka och estetiskt tilltalande plagg med maximal synlighet. V\u00e4star i storlek S och M \u00e4r certifierade enligt EN ISO 13688:230.Storlekar L och st\u00f6rre enligt EN ISO 20471:2013<\/p>\n","protected":false},"featured_media":104731,"template":"","meta":{"_acf_changed":false,"_seopress_robots_primary_cat":"","_seopress_titles_title":"","_seopress_titles_desc":"","_seopress_robots_index":""},"product_brand":[],"product_cat":[15],"product_tag":[],"class_list":{"0":"post-104730","1":"product","2":"type-product","3":"status-publish","4":"has-post-thumbnail","6":"product_cat-okategoriserad","7":"atta45_taxonomy-tema-inspiration-varumarken-great-reflectives-sv","8":"atta45_taxonomy-trading-reflexer-reflexvastar-sv","9":"atta45_taxonomy-reflexer-reflexvastar-sv","10":"atta45_taxonomy-reflexer-verktyg-sakerhet-reflexvastar-sv","11":"atta45_taxonomy-tema-inspiration-sasong-vinter-sv","13":"first","14":"instock","15":"taxable","16":"shipping-taxable","17":"purchasable","18":"product-type-variable"},"acf":[],"_links":{"self":[{"href":"https:\/\/www.atta45.se\/e-butik\/wp-json\/wp\/v2\/product\/104730","targetHints":{"allow":["GET"]}}],"collection":[{"href":"https:\/\/www.atta45.se\/e-butik\/wp-json\/wp\/v2\/product"}],"about":[{"href":"https:\/\/www.atta45.se\/e-butik\/wp-json\/wp\/v2\/types\/product"}],"wp:featuredmedia":[{"embeddable":true,"href":"https:\/\/www.atta45.se\/e-butik\/wp-json\/wp\/v2\/media\/104731"}],"wp:attachment":[{"href":"https:\/\/www.atta45.se\/e-butik\/wp-json\/wp\/v2\/media?parent=104730"}],"wp:term":[{"taxonomy":"product_brand","embeddable":true,"href":"https:\/\/www.atta45.se\/e-butik\/wp-json\/wp\/v2\/product_brand?post=104730"},{"taxonomy":"product_cat","embeddable":true,"href":"https:\/\/www.atta45.se\/e-butik\/wp-json\/wp\/v2\/product_cat?post=104730"},{"taxonomy":"product_tag","embeddable":true,"href":"https:\/\/www.atta45.se\/e-butik\/wp-json\/wp\/v2\/product_tag?post=104730"}],"curies":[{"name":"wp","href":"https:\/\/api.w.org\/{rel}","templated":true}]}}