{"id":104600,"date":"2024-12-27T15:25:38","date_gmt":"2024-12-27T14:25:38","guid":{"rendered":"https:\/\/www.atta45.se\/e-butik\/produkt\/reflexvast-stripe-vuxen\/"},"modified":"2025-10-28T05:20:17","modified_gmt":"2025-10-28T04:20:17","slug":"reflexvast-stripe-vuxen","status":"publish","type":"product","link":"https:\/\/www.atta45.se\/e-butik\/produkt\/reflexvast-stripe-vuxen\/","title":{"rendered":"Reflexv\u00e4st Stripe [Vuxen]"},"content":{"rendered":"<p>S\u00e4kerhetsv\u00e4st f\u00f6r h\u00f6gsta synlighet.<\/p>\n<p>V\u00e4sten har tv\u00e5 5 cm breda reflexband runt hela kroppen och en 5 cm bred reflekterande rand<br \/>\u00f6ver varje axel. Justerbar storlek med kardborreband<\/p>\n<p>Maximal sikt vid d\u00e5liga ljusf\u00f6rh\u00e5llanden.<\/p>\n<p>V\u00e4starna \u00e4r b\u00e5de snygga och bekv\u00e4ma att b\u00e4ra. Perfekt f\u00f6r dig som beh\u00f6ver slitstarka och estetiskt tilltalande plagg med maximal synlighet.<\/p>\n<p>Testade och godk\u00e4nda enligt EN ISO 20471:2013<\/p>\n","protected":false},"excerpt":{"rendered":"<p>S\u00e4kerhetsv\u00e4st f\u00f6r h\u00f6gsta synlighet. V\u00e4sten har tv\u00e5 5 cm breda reflexband runt hela kroppen och en 5 cm bred reflekterande rand\u00f6ver varje axel. Justerbar storlek med kardborreband Maximal sikt vid d\u00e5liga ljusf\u00f6rh\u00e5llanden. V\u00e4starna \u00e4r b\u00e5de snygga och bekv\u00e4ma att b\u00e4ra. Perfekt f\u00f6r dig som beh\u00f6ver slitstarka och estetiskt tilltalande plagg med maximal synlighet. Testade och [&hellip;]<\/p>\n","protected":false},"featured_media":104601,"template":"","meta":{"_acf_changed":false,"_seopress_robots_primary_cat":"","_seopress_titles_title":"","_seopress_titles_desc":"","_seopress_robots_index":""},"product_brand":[],"product_cat":[15],"product_tag":[],"class_list":{"0":"post-104600","1":"product","2":"type-product","3":"status-publish","4":"has-post-thumbnail","6":"product_cat-okategoriserad","7":"atta45_taxonomy-tema-inspiration-varumarken-great-reflectives-sv","8":"atta45_taxonomy-reflexer-reflexvastar-sv","9":"atta45_taxonomy-reflexer-verktyg-sakerhet-reflexvastar-sv","10":"atta45_taxonomy-trading-reflexer-reflexvastar-sv","11":"atta45_taxonomy-tema-inspiration-sasong-vinter-sv","13":"first","14":"instock","15":"taxable","16":"shipping-taxable","17":"purchasable","18":"product-type-variable"},"acf":[],"_links":{"self":[{"href":"https:\/\/www.atta45.se\/e-butik\/wp-json\/wp\/v2\/product\/104600","targetHints":{"allow":["GET"]}}],"collection":[{"href":"https:\/\/www.atta45.se\/e-butik\/wp-json\/wp\/v2\/product"}],"about":[{"href":"https:\/\/www.atta45.se\/e-butik\/wp-json\/wp\/v2\/types\/product"}],"wp:featuredmedia":[{"embeddable":true,"href":"https:\/\/www.atta45.se\/e-butik\/wp-json\/wp\/v2\/media\/104601"}],"wp:attachment":[{"href":"https:\/\/www.atta45.se\/e-butik\/wp-json\/wp\/v2\/media?parent=104600"}],"wp:term":[{"taxonomy":"product_brand","embeddable":true,"href":"https:\/\/www.atta45.se\/e-butik\/wp-json\/wp\/v2\/product_brand?post=104600"},{"taxonomy":"product_cat","embeddable":true,"href":"https:\/\/www.atta45.se\/e-butik\/wp-json\/wp\/v2\/product_cat?post=104600"},{"taxonomy":"product_tag","embeddable":true,"href":"https:\/\/www.atta45.se\/e-butik\/wp-json\/wp\/v2\/product_tag?post=104600"}],"curies":[{"name":"wp","href":"https:\/\/api.w.org\/{rel}","templated":true}]}}