{"id":102586,"date":"2024-12-27T14:44:55","date_gmt":"2024-12-27T13:44:55","guid":{"rendered":"https:\/\/www.atta45.se\/e-butik\/produkt\/schwarzwolf-yukon-reflekterande-ryggsack\/"},"modified":"2025-10-27T19:07:16","modified_gmt":"2025-10-27T18:07:16","slug":"schwarzwolf-yukon-reflekterande-ryggsack","status":"publish","type":"product","link":"https:\/\/www.atta45.se\/e-butik\/produkt\/schwarzwolf-yukon-reflekterande-ryggsack\/","title":{"rendered":"Ryggs\u00e4ck, reflekterande f\u00f6r cyklister Schwarzwolf YUKON"},"content":{"rendered":"<p>Refektiv Schwarzwolf cykelryggs\u00e4ck som \u00e4ven l\u00e4mpar sig f\u00f6r casual wear.<\/p>\n<p>Den \u00e4r gjord av h\u00f6greflekterande material som uppfyller kraven i standarden EN ISO 20471 f\u00f6r skyddskl\u00e4der.<\/p>\n<p>Ryggs\u00e4cken har ett vadderat ryggsystem och vadderade axelband.<\/p>\n<p>Ryggs\u00e4cken inneh\u00e5ller \u00e4ven ett huvudfack med dragkedja, en dragkedjeficka p\u00e5 sidan, en liten n\u00e4tficka p\u00e5 andra sidan och ett midjeb\u00e4lte med tv\u00e5 sm\u00e5 dragkedjefickor.<\/p>\n<p>Volym: 20 l<br \/>Vikt: 395 g<br \/>Material: 100% polyester med reflekterande bel\u00e4ggning.<\/p>\n<p>Rekommenderad tryckteknik: silkscreentryck S2<\/p>\n<p>Maximal trycksstorlek: 70 \u00d7 40 mm.<\/p>\n<p>M\u00e5tt: 28 \u00d7 14 \u00d7 45 cm<\/p>\n","protected":false},"excerpt":{"rendered":"<p>Refektiv Schwarzwolf cykelryggs\u00e4ck som \u00e4ven l\u00e4mpar sig f\u00f6r casual wear. Den \u00e4r gjord av h\u00f6greflekterande material som uppfyller kraven i standarden EN ISO 20471 f\u00f6r skyddskl\u00e4der. Ryggs\u00e4cken har ett vadderat ryggsystem och vadderade axelband. Ryggs\u00e4cken inneh\u00e5ller \u00e4ven ett huvudfack med dragkedja, en dragkedjeficka p\u00e5 sidan, en liten n\u00e4tficka p\u00e5 andra sidan och ett midjeb\u00e4lte med [&hellip;]<\/p>\n","protected":false},"featured_media":102587,"template":"","meta":{"_acf_changed":false,"_seopress_robots_primary_cat":"","_seopress_titles_title":"","_seopress_titles_desc":"","_seopress_robots_index":""},"product_brand":[],"product_cat":[15],"product_tag":[],"class_list":{"0":"post-102586","1":"product","2":"type-product","3":"status-publish","4":"has-post-thumbnail","6":"product_cat-okategoriserad","7":"atta45_taxonomy-vaskor-resetillbehor-ryggsackar-sv","8":"atta45_taxonomy-vaskor-resetillbehor-ryggsackar-axelremsvaskor-sv","9":"atta45_taxonomy-tema-inspiration-varumarken-schwarzwolf-sv","10":"atta45_taxonomy-textil-vaskor-bagar-sv","11":"atta45_taxonomy-reflexer-vaskor-sv","13":"first","14":"instock","15":"taxable","16":"shipping-taxable","17":"purchasable","18":"product-type-variable"},"acf":[],"_links":{"self":[{"href":"https:\/\/www.atta45.se\/e-butik\/wp-json\/wp\/v2\/product\/102586","targetHints":{"allow":["GET"]}}],"collection":[{"href":"https:\/\/www.atta45.se\/e-butik\/wp-json\/wp\/v2\/product"}],"about":[{"href":"https:\/\/www.atta45.se\/e-butik\/wp-json\/wp\/v2\/types\/product"}],"wp:featuredmedia":[{"embeddable":true,"href":"https:\/\/www.atta45.se\/e-butik\/wp-json\/wp\/v2\/media\/102587"}],"wp:attachment":[{"href":"https:\/\/www.atta45.se\/e-butik\/wp-json\/wp\/v2\/media?parent=102586"}],"wp:term":[{"taxonomy":"product_brand","embeddable":true,"href":"https:\/\/www.atta45.se\/e-butik\/wp-json\/wp\/v2\/product_brand?post=102586"},{"taxonomy":"product_cat","embeddable":true,"href":"https:\/\/www.atta45.se\/e-butik\/wp-json\/wp\/v2\/product_cat?post=102586"},{"taxonomy":"product_tag","embeddable":true,"href":"https:\/\/www.atta45.se\/e-butik\/wp-json\/wp\/v2\/product_tag?post=102586"}],"curies":[{"name":"wp","href":"https:\/\/api.w.org\/{rel}","templated":true}]}}