{"id":3851,"date":"2020-01-24T11:04:24","date_gmt":"2020-01-24T10:04:24","guid":{"rendered":"https:\/\/flipptryck.a-demo.se\/?page_id=3851"},"modified":"2024-12-27T18:02:59","modified_gmt":"2024-12-27T17:02:59","slug":"miljo","status":"publish","type":"page","link":"https:\/\/www.atta45.se\/e-butik\/miljo\/","title":{"rendered":"Milj\u00f6"},"content":{"rendered":"\t<section class=\"block hero default\" style=\"background-image: url(https:\/\/www.atta45.se\/e-butik\/wp-content\/uploads\/sites\/1\/2024\/12\/hero_2.jpg);\">\r\n\t\t<div class=\"hero--inner editor_content white\">\r\n\t\t\t<h1 style=\"text-align: center\" align=\"center\">V\u00e5rt milj\u00f6arbete slutar aldrig v\u00e4xa<\/h1>\n\t\t<\/div>\r\n\t<\/section>\r\n\n\n<section class=\"content-block block container-fluid bg--white\">\r\n\t    \t\t<div class=\"row justify-content-center content-block--row\">\r\n\t<div class=\"col-lg-8 col-md-10 col-12 editor_content\">\r\n\t\t<h5>Drivkraften f\u00f6r oss i detta arbete \u00e4r inte kronor och \u00f6ren utan att f\u00f6rs\u00f6ka g\u00f6ra allt f\u00f6r en h\u00e5llbar framtid. Vi p\u00e5 \u00c5tta.45 Tryckeri jobbar st\u00e4ndigt med att utveckla v\u00e5rt milj\u00f6arbete. Vi ser uppfyllande av certifieringskrav samt g\u00e4llande milj\u00f6lagstiftning som ett minimikrav i v\u00e5rt milj\u00f6arbete.<\/h5>\n<p>Samtidigt bedriver vi ett aktivt arbete med att f\u00f6rb\u00e4ttra arbetsmilj\u00f6n i b\u00e5de produktions- och kontorsmilj\u00f6. V\u00e5r ambition \u00e4r h\u00f6gt satt med m\u00e5ls\u00e4ttning att skapa den renaste, mest klimatsmarta och milj\u00f6v\u00e4nligaste produktionen av trycksaker i branschen.<\/p>\n<p><img decoding=\"async\" class=\"alignnone size-full wp-image-6664\" src=\"https:\/\/www.atta45.se\/e-butik\/wp-content\/uploads\/2020\/12\/ISO_9001.jpg\" alt=\"Intertek \u00c5tta.45 Tryckeri\" width=\"102\" height=\"102\" srcset=\"https:\/\/www.atta45.se\/e-butik\/wp-content\/uploads\/sites\/1\/2020\/12\/ISO_9001.jpg 102w, https:\/\/www.atta45.se\/e-butik\/wp-content\/uploads\/sites\/1\/2020\/12\/ISO_9001-50x50.jpg 50w, https:\/\/www.atta45.se\/e-butik\/wp-content\/uploads\/sites\/1\/2020\/12\/ISO_9001-100x100.jpg 100w\" sizes=\"(max-width: 102px) 100vw, 102px\" \/><br \/>\n<strong>I<\/strong><strong>SO14001 <\/strong><br \/>\nVi \u00e4r certifierade f\u00f6r ISO14001. Detta intygar att design\/atelj\u00e9, projektledning, produktion och expedition av grafiska produkter fr\u00e5n \u00c5tta.45 Tryckeri har uppfyllt de h\u00e5rda kraven \u00f6verensst\u00e4mmande med ISO 14001:2015. Certifieringen \u00e4r utf\u00e4rdad av det ackrediterade certifieringsbolaget <a href=\"https:\/\/www.intertek.se\">Intertek<\/a>.<\/p>\n<p><strong><img decoding=\"async\" class=\"alignnone size-full wp-image-6667\" src=\"https:\/\/www.atta45.se\/e-butik\/wp-content\/uploads\/2020\/12\/Svanen_MINDRE2.jpg\" alt=\"Svanen \u00c5tta.45 Tryckeri\" width=\"102\" height=\"83\" \/><br \/>\n<\/strong><strong>SVANEN<\/strong><br \/>\nVi har varit med \u00e4nda fr\u00e5n start. V\u00e5rt licens hos <a href=\"https:\/\/www.svanen.se\">Svanen<\/a>, nr. 3041 0001 avsl\u00f6jar att\u00a0<em>\u00c5tta.45 var det f\u00f6rsta tryckeri som fick licens att svanenm\u00e4rka trycksaker.<\/em>\u00a0Det var l\u00e5ngt innan s\u00e5v\u00e4l kunder som tryckerier vaknat till om milj\u00f6aspekten. F\u00f6r oss k\u00e4ndes milj\u00f6t\u00e4nket sj\u00e4lvklart och g\u00f6r det fortfarande.<\/p>\n<p><strong><img decoding=\"async\" class=\"alignnone wp-image-104976\" src=\"https:\/\/www.atta45.se\/wp-content\/uploads\/sites\/1\/2024\/12\/FSC_logotype_NY2021_HI_2.png\" alt=\"\u00c5tta45 FSC\" width=\"75\" height=\"117\" srcset=\"https:\/\/www.atta45.se\/e-butik\/wp-content\/uploads\/sites\/1\/2024\/12\/FSC_logotype_NY2021_HI_2.png 206w, https:\/\/www.atta45.se\/e-butik\/wp-content\/uploads\/sites\/1\/2024\/12\/FSC_logotype_NY2021_HI_2-193x300.png 193w, https:\/\/www.atta45.se\/e-butik\/wp-content\/uploads\/sites\/1\/2024\/12\/FSC_logotype_NY2021_HI_2-97x150.png 97w\" sizes=\"(max-width: 75px) 100vw, 75px\" \/><br \/>\n<\/strong><strong>FSC\u00ae (Forest\u2028Stewardship Council)<\/strong><br \/>\nN\u00e4r du v\u00e4ljer <a href=\"https:\/\/se.fsc.org\/se-se\">FSC<\/a>\u00ae st\u00f6djer du bevarandet av skyddade skogar, v\u00e4rnar om naturen och klimatet, och hj\u00e4lper m\u00e4nniskor till ett b\u00e4ttre liv. FSC \u00e4r en f\u00f6rkortning av Forest\u2028Stewardship Council\u00ae. Om du v\u00e4ljer att FSC-m\u00e4rka en produkt s\u00e5 vet du att pappret kommer ifr\u00e5n ansvarsfullt skogsbruk.<\/p>\n<p><strong><img decoding=\"async\" class=\"alignnone wp-image-104978\" src=\"https:\/\/www.atta45.se\/wp-content\/uploads\/sites\/1\/2024\/12\/ClimateCalc_webb_24-300x300_2.png\" alt=\"\u00c5tta45 ClimateCalc\" width=\"117\" height=\"85\" srcset=\"https:\/\/www.atta45.se\/e-butik\/wp-content\/uploads\/sites\/1\/2024\/12\/ClimateCalc_webb_24-300x300_2.png 300w, https:\/\/www.atta45.se\/e-butik\/wp-content\/uploads\/sites\/1\/2024\/12\/ClimateCalc_webb_24-300x300_2-150x109.png 150w\" sizes=\"(max-width: 117px) 100vw, 117px\" \/><br \/>\nKLIMATKOMPENSERADE TRYCKSAKER<\/strong><br \/>\nV\u00e5rt milj\u00f6arbete n\u00e4r det g\u00e4ller utsl\u00e4pp och klimat \u00e4r en process i tre steg: Undvik \u2013 Minimera \u2013 Kompensera. F\u00f6rst och fr\u00e4mst g\u00e5r vi igenom verksamheten f\u00f6r att undvika s\u00e5 mycket p\u00e5verkan som det g\u00e5r. Om det inte g\u00e5r att undvika utsl\u00e4pp s\u00e5 ska de minimeras, vi kanske kan \u00e4ndra p\u00e5 arbetss\u00e4ttet f\u00f6r att minimera milj\u00f6p\u00e5verkan etc? Till sist kompenserar vi f\u00f6r kvarvarande f\u00f6rluster via projekt fr\u00e5n Southpole. Vi klimatkompenserar f\u00f6r Scope 1, Scope 2 och delar av Scope 3 i enlighet med GHG protokollet. Kalkylen innefattar bland annat\u00a0verksamhetens klimatp\u00e5verkan f\u00f6r\u00a0<em>energi, v\u00e4rme, tj\u00e4nsteresor och transporter.<\/em> Allt \u00e4r noga utr\u00e4knat med hj\u00e4lp av <a href=\"https:\/\/www.climatecalc.eu\">ClimateCalc<\/a>, ett ber\u00e4kningsverktyg baserat p\u00e5 den grafiska standarden f\u00f6r kalkylber\u00e4kning definierad av den europeiska branschorganisationen <a href=\"https:\/\/www.intergraf.eu\">Intergraf<\/a>. Dessutom \u00e4r allt i v\u00e5r E-butik som produceras p\u00e5 papper klimatkompenserat. Vi p\u00e5 \u00c5tta.45 Tryckeri klimatkompenserar via projekt\u00a0med Internationellt erk\u00e4nd certifiering\u00a0fr\u00e5n <a href=\"https:\/\/www.southpole.com\">Southpole<\/a>.<\/p>\n<p><b><img decoding=\"async\" class=\"alignnone wp-image-104980\" src=\"https:\/\/www.atta45.se\/wp-content\/uploads\/sites\/1\/2024\/12\/NLPA_logotype_HI_2.png\" alt=\"N\u00e4ringslivets producentansvar\" width=\"142\" height=\"86\" srcset=\"https:\/\/www.atta45.se\/e-butik\/wp-content\/uploads\/sites\/1\/2024\/12\/NLPA_logotype_HI_2.png 494w, https:\/\/www.atta45.se\/e-butik\/wp-content\/uploads\/sites\/1\/2024\/12\/NLPA_logotype_HI_2-300x182.png 300w, https:\/\/www.atta45.se\/e-butik\/wp-content\/uploads\/sites\/1\/2024\/12\/NLPA_logotype_HI_2-150x91.png 150w\" sizes=\"(max-width: 142px) 100vw, 142px\" \/><br \/>\nN\u00c4RINGSLIVETS PRODUCENTANSVAR<\/b><br \/>\nVi \u00e4r anslutna till N\u00e4ringslivets Producentansvar. Detta \u00e4r en godk\u00e4nd organisation som arbetar med producenters ansvar, f\u00f6r att driva utvecklingen mot en mera cirkul\u00e4r och sp\u00e5rbar material\u00e5tervinning.<\/p>\n<h3><\/h3>\n<h3>Har du n\u00e5gra fr\u00e5gor om v\u00e5rt milj\u00f6arbete?<\/h3>\n<p>Kontakta <strong>Camilla Sandelin<\/strong>\u00a0p\u00e5 tel 08-553 349 50 eller\u00a0<a href=\"mailto:camilla.sandelin@atta45.se\">camilla.sandelin@atta45.se<\/a>. Hon arbetar med milj\u00f6 och kvalitet h\u00e4r p\u00e5 \u00c5tta45 och kan guida dig vidare i hur vi kan milj\u00f6s\u00e4kra dina trycksaker p\u00e5 b\u00e4sta s\u00e4tt.<\/p>\n<p><strong><a href=\"https:\/\/pages.upsales.com\/17742u0a2ca068905a4bc782602e3b23ace762\">Klicka h\u00e4r f\u00f6r att best\u00e4lla v\u00e5r Milj\u00f6 &amp; H\u00e5llbarhetsrapport.<\/a><\/strong><\/p>\n\t<\/div>\r\n<\/div>    \t<\/section>\r\n","protected":false},"excerpt":{"rendered":"","protected":false},"author":9,"featured_media":0,"parent":0,"menu_order":0,"comment_status":"closed","ping_status":"closed","template":"","meta":{"_acf_changed":false,"_seopress_robots_primary_cat":"","_seopress_titles_title":"","_seopress_titles_desc":"","_seopress_robots_index":"","footnotes":""},"class_list":["post-3851","page","type-page","status-publish","hentry"],"acf":[],"_links":{"self":[{"href":"https:\/\/www.atta45.se\/e-butik\/wp-json\/wp\/v2\/pages\/3851","targetHints":{"allow":["GET"]}}],"collection":[{"href":"https:\/\/www.atta45.se\/e-butik\/wp-json\/wp\/v2\/pages"}],"about":[{"href":"https:\/\/www.atta45.se\/e-butik\/wp-json\/wp\/v2\/types\/page"}],"author":[{"embeddable":true,"href":"https:\/\/www.atta45.se\/e-butik\/wp-json\/wp\/v2\/users\/9"}],"replies":[{"embeddable":true,"href":"https:\/\/www.atta45.se\/e-butik\/wp-json\/wp\/v2\/comments?post=3851"}],"version-history":[{"count":65,"href":"https:\/\/www.atta45.se\/e-butik\/wp-json\/wp\/v2\/pages\/3851\/revisions"}],"predecessor-version":[{"id":104985,"href":"https:\/\/www.atta45.se\/e-butik\/wp-json\/wp\/v2\/pages\/3851\/revisions\/104985"}],"wp:attachment":[{"href":"https:\/\/www.atta45.se\/e-butik\/wp-json\/wp\/v2\/media?parent=3851"}],"curies":[{"name":"wp","href":"https:\/\/api.w.org\/{rel}","templated":true}]}}